{"id":930,"date":"2016-10-17T16:05:54","date_gmt":"2016-10-17T16:05:54","guid":{"rendered":"https:\/\/paulomartins.com.pt\/?post_type=projeto&#038;p=930"},"modified":"2026-07-21T17:32:53","modified_gmt":"2026-07-21T17:32:53","slug":"sh-house","status":"publish","type":"projeto","link":"https:\/\/paulomartins.com.pt\/pt-pt\/project\/sh-house\/","title":{"rendered":"SH HOUSE"},"content":{"rendered":"<div class=\"wpb-content-wrapper\"><p>[vc_row css_animation=&#8221;fadeInUp&#8221; el_class=&#8221;espaco-proj&#8221;][vc_column][vc_row_inner disable_element=&#8221;yes&#8221;][vc_column_inner][vc_column_text]<\/p>\n<h1>Titulo Inicial &#8211; N\u00e3o editavel<\/h1>\n<p>[\/vc_column_text][\/vc_column_inner][\/vc_row_inner][vc_row_inner el_class=&#8221;bloco-projeto&#8221;][vc_column_inner][vc_column_text]<\/p>\n<h5>Um ref\u00fagio sereno, concebido com <strong>cuidado, equil\u00edbrio e materiais quentes e intemporais.<\/strong><\/h5>\n<p>[\/vc_column_text][vc_column_text]Inserida numa implanta\u00e7\u00e3o compacta de 35 m\u00b2 e oferecendo 45 m\u00b2 de \u00e1rea habit\u00e1vel, este projecto nasce como um ref\u00fagio \u00edntimo para fins de semana.[\/vc_column_text][\/vc_column_inner][\/vc_row_inner][\/vc_column][\/vc_row][vc_row css_animation=&#8221;fadeInUp&#8221; el_class=&#8221;espaco-proj grid-architecture&#8221;][vc_column][vc_row_inner disable_element=&#8221;yes&#8221;][vc_column_inner][vc_column_text]<\/p>\n<h1>Architecture &#8211; N\u00e3o editavel<\/h1>\n<p>[\/vc_column_text][\/vc_column_inner][\/vc_row_inner][vc_row_inner el_class=&#8221;grid-architecture-bloco1&#8243;][vc_column_inner][vc_column_text]<\/p>\n<h5>Arquitectura<\/h5>\n<p>A configura\u00e7\u00e3o original foi cuidadosamente preservada, concentrando-se a \u00fanica interven\u00e7\u00e3o relevante nas caixas de escadas. A introdu\u00e7\u00e3o de a\u00e7o patin\u00e1vel e a precisa calibra\u00e7\u00e3o das suas propor\u00e7\u00f5es face ao seu peso visual permitem criar uma hierarquia intencional definida pela aus\u00eancia de massa. Este gesto contido introduz equil\u00edbrio e continuidade em todo o conjunto.[\/vc_column_text][vc_single_image image=&#8221;4810&#8243; img_size=&#8221;full&#8221; el_class=&#8221;grid-total-proj&#8221;][\/vc_column_inner][\/vc_row_inner][vc_row_inner][vc_column_inner width=&#8221;1\/2&#8243;][vc_single_image image=&#8221;2555&#8243; img_size=&#8221;full&#8221;][\/vc_column_inner][vc_column_inner width=&#8221;1\/2&#8243;][\/vc_column_inner][\/vc_row_inner][vc_row_inner equal_height=&#8221;yes&#8221;][vc_column_inner width=&#8221;1\/3&#8243;][vc_single_image image=&#8221;4794&#8243; img_size=&#8221;full&#8221;][\/vc_column_inner][vc_column_inner width=&#8221;1\/3&#8243;][vc_single_image image=&#8221;4795&#8243; img_size=&#8221;full&#8221;][\/vc_column_inner][vc_column_inner width=&#8221;1\/3&#8243;][vc_single_image image=&#8221;4796&#8243; img_size=&#8221;full&#8221;][\/vc_column_inner][\/vc_row_inner][vc_row_inner][vc_column_inner width=&#8221;1\/2&#8243;][vc_single_image image=&#8221;4800&#8243; img_size=&#8221;full&#8221;][\/vc_column_inner][vc_column_inner width=&#8221;1\/2&#8243;][vc_column_text]A casa organiza-se em dois pisos. No piso t\u00e9rreo, a \u00e1rea social estabelece uma rela\u00e7\u00e3o direta com os espa\u00e7os exteriores. No piso superior, a su\u00edte \u00e9 acess\u00edvel atrav\u00e9s de escadas interiores que integram solu\u00e7\u00f5es de arruma\u00e7\u00e3o e assumem tamb\u00e9m o papel de elemento de transi\u00e7\u00e3o e separa\u00e7\u00e3o entre os diferentes ambientes.[\/vc_column_text][\/vc_column_inner][\/vc_row_inner][vc_row_inner equal_height=&#8221;yes&#8221;][vc_column_inner width=&#8221;1\/3&#8243;][\/vc_column_inner][vc_column_inner width=&#8221;1\/3&#8243;][\/vc_column_inner][vc_column_inner width=&#8221;1\/3&#8243;][vc_single_image image=&#8221;4804&#8243; img_size=&#8221;full&#8221;][\/vc_column_inner][\/vc_row_inner][vc_row_inner equal_height=&#8221;yes&#8221;][vc_column_inner width=&#8221;2\/5&#8243;][vc_single_image image=&#8221;4808&#8243; img_size=&#8221;full&#8221;][\/vc_column_inner][vc_column_inner width=&#8221;2\/5&#8243;][vc_single_image image=&#8221;4807&#8243; img_size=&#8221;full&#8221;][\/vc_column_inner][vc_column_inner width=&#8221;1\/5&#8243;][\/vc_column_inner][\/vc_row_inner][vc_row_inner equal_height=&#8221;yes&#8221;][vc_column_inner width=&#8221;2\/3&#8243;][vc_single_image image=&#8221;4806&#8243; img_size=&#8221;full&#8221;][\/vc_column_inner][vc_column_inner width=&#8221;1\/3&#8243;][\/vc_column_inner][\/vc_row_inner][vc_row_inner equal_height=&#8221;yes&#8221;][vc_column_inner width=&#8221;1\/3&#8243;][vc_single_image image=&#8221;4802&#8243; img_size=&#8221;full&#8221;][\/vc_column_inner][vc_column_inner width=&#8221;1\/3&#8243;][\/vc_column_inner][vc_column_inner width=&#8221;1\/3&#8243;][vc_single_image image=&#8221;4803&#8243; img_size=&#8221;full&#8221;][\/vc_column_inner][\/vc_row_inner][vc_row_inner equal_height=&#8221;yes&#8221;][vc_column_inner width=&#8221;3\/6&#8243;][vc_single_image image=&#8221;4792&#8243; img_size=&#8221;full&#8221;][\/vc_column_inner][vc_column_inner width=&#8221;2\/6&#8243;][\/vc_column_inner][vc_column_inner width=&#8221;1\/6&#8243;][vc_single_image image=&#8221;4801&#8243; img_size=&#8221;full&#8221;][\/vc_column_inner][\/vc_row_inner][vc_row_inner equal_height=&#8221;yes&#8221;][vc_column_inner width=&#8221;2\/3&#8243;][vc_single_image image=&#8221;4799&#8243; img_size=&#8221;full&#8221;][\/vc_column_inner][vc_column_inner width=&#8221;1\/3&#8243;][\/vc_column_inner][\/vc_row_inner][vc_row_inner equal_height=&#8221;yes&#8221;][vc_column_inner width=&#8221;1\/3&#8243;][\/vc_column_inner][vc_column_inner width=&#8221;2\/3&#8243;][vc_single_image image=&#8221;4791&#8243; img_size=&#8221;full&#8221;][\/vc_column_inner][\/vc_row_inner][vc_row_inner equal_height=&#8221;yes&#8221;][vc_column_inner width=&#8221;1\/2&#8243;][vc_single_image image=&#8221;4811&#8243; img_size=&#8221;full&#8221;][\/vc_column_inner][vc_column_inner width=&#8221;1\/2&#8243;][vc_column_text]A configura\u00e7\u00e3o original foi t\u00e3o importante quanto a linguagem contempor\u00e2nea introduzida no edif\u00edcio. Foram utilizadas cores claras e uma express\u00e3o minimalista com o objetivo de maximizar a perce\u00e7\u00e3o do espa\u00e7o e transmitir uma sensa\u00e7\u00e3o de amplitude e abertura.[\/vc_column_text][\/vc_column_inner][\/vc_row_inner][vc_row_inner equal_height=&#8221;yes&#8221;][vc_column_inner width=&#8221;1\/3&#8243;][vc_single_image image=&#8221;4812&#8243; img_size=&#8221;full&#8221;][\/vc_column_inner][vc_column_inner width=&#8221;1\/3&#8243;][vc_single_image image=&#8221;4813&#8243; img_size=&#8221;full&#8221;][\/vc_column_inner][vc_column_inner width=&#8221;1\/3&#8243;][\/vc_column_inner][\/vc_row_inner][vc_row_inner equal_height=&#8221;yes&#8221;][vc_column_inner][vc_single_image image=&#8221;4809&#8243; img_size=&#8221;full&#8221;][\/vc_column_inner][\/vc_row_inner][vc_row_inner el_class=&#8221;artigo-bloco-3&#8243;][vc_column_inner][vc_gallery type=&#8221;image_grid&#8221; images=&#8221;1485,1486,1488,1489,1487&#8243; img_size=&#8221;full&#8221; css_animation=&#8221;fadeInUp&#8221;][vc_raw_html]JTNDZGl2JTIwY2xhc3MlM0QlMjJzY3JvbGwtY29udGFpbmVyJTIyJTNFJTBBJTIwJTIwJTNDZGl2JTIwY2xhc3MlM0QlMjJzY3JvbGwtY29udGVudCUyMiUzRSUzQyUyRmRpdiUzRSUwQSUzQyUyRmRpdiUzRQ==[\/vc_raw_html][\/vc_column_inner][\/vc_row_inner][\/vc_column][\/vc_row][vc_row css_animation=&#8221;fadeInUp&#8221; el_class=&#8221;espaco-proj&#8221;][vc_column][vc_row_inner disable_element=&#8221;yes&#8221;][vc_column_inner][vc_column_text]<\/p>\n<h1>AWARS &#8211; N\u00c3O EDITAVEL<\/h1>\n<p>CARREGA AUTOMATICAMENTE AWARS ASSOCIADOS[\/vc_column_text][\/vc_column_inner][\/vc_row_inner][vc_column_text][\/vc_column_text][\/vc_column][\/vc_row][vc_row css_animation=&#8221;fadeInUp&#8221; el_class=&#8221;espaco-proj&#8221;][vc_column][vc_row_inner disable_element=&#8221;yes&#8221;][vc_column_inner][vc_column_text]<\/p>\n<h1>PUBLICA\u00c7\u00d5ES &#8211; N\u00c3O EDITAVEL<\/h1>\n<p>CARREGA AUTOMATICAMENTE PUBLICA\u00c7\u00d5ES ASSOCIADAS (PRINT AND DIGITAL)[\/vc_column_text][\/vc_column_inner][\/vc_row_inner][vc_column_text][\/vc_column_text][\/vc_column][\/vc_row][vc_row css_animation=&#8221;none&#8221;][vc_column][vc_row_inner el_class=&#8221;digital-type&#8221;][vc_column_inner width=&#8221;1\/2&#8243;][vc_column_text]<\/p>\n<h5>Project credits<\/h5>\n<p>[\/vc_column_text][\/vc_column_inner][vc_column_inner width=&#8221;1\/2&#8243;][vc_column_text el_class=&#8221;bloco-texto-credits&#8221;]<\/p>\n<h6>In\u00edcio \/ Fim<\/h6>\n<p>2015\/2016[\/vc_column_text][vc_column_text el_class=&#8221;bloco-texto-credits&#8221;]<\/p>\n<h6>\u00c1rea \u00fatil<\/h6>\n<p>45 m2[\/vc_column_text][vc_column_text el_class=&#8221;bloco-texto-credits&#8221;]<\/p>\n<h6>Direc\u00e7\u00e3o criativa<\/h6>\n<p>Paulo Martins | Arquitecto[\/vc_column_text][vc_column_text el_class=&#8221;bloco-texto-credits&#8221;]<\/p>\n<h6>Cr\u00e9ditos fotogr\u00e1ficos<\/h6>\n<p>Ivo Tavares Studio[\/vc_column_text][\/vc_column_inner][\/vc_row_inner][vc_row_inner el_class=&#8221;digital-type&#8221;][vc_column_inner width=&#8221;1\/2&#8243;][vc_column_text]<\/p>\n<h5>Materiais Usados<\/h5>\n<p>[\/vc_column_text][\/vc_column_inner][vc_column_inner width=&#8221;1\/2&#8243;][vc_column_text el_class=&#8221;bloco-texto-credits&#8221;]<\/p>\n<h6>MATERIAIS<\/h6>\n<p>Gesso cartonado<br \/>\nPavimento em madeira de pinho<br \/>\nContraplacado mar\u00edtimo<br \/>\nRevestimento Epoxy (by CIN)[\/vc_column_text][\/vc_column_inner][\/vc_row_inner][\/vc_column][\/vc_row]<\/p>\n<\/div>","protected":false},"excerpt":{"rendered":"<p>[vc_row css_animation=&#8221;fadeInUp&#8221; el_class=&#8221;espaco-proj&#8221;][vc_column][vc_row_inner disable_element=&#8221;yes&#8221;][vc_column_inner][vc_column_text] Titulo Inicial &#8211; N\u00e3o editavel [\/vc_column_text][\/vc_column_inner][\/vc_row_inner][vc_row_inner el_class=&#8221;bloco-projeto&#8221;][vc_column_inner][vc_column_text] Um ref\u00fagio sereno, concebido com cuidado, equil\u00edbrio e materiais quentes e intemporais. [\/vc_column_text][vc_column_text]Inserida numa implanta\u00e7\u00e3o compacta de 35 m\u00b2 e oferecendo 45 m\u00b2 de \u00e1rea habit\u00e1vel, este projecto nasce como um ref\u00fagio \u00edntimo para fins de semana.[\/vc_column_text][\/vc_column_inner][\/vc_row_inner][\/vc_column][\/vc_row][vc_row css_animation=&#8221;fadeInUp&#8221; el_class=&#8221;espaco-proj grid-architecture&#8221;][vc_column][vc_row_inner disable_element=&#8221;yes&#8221;][vc_column_inner][vc_column_text] Architecture &#8211; N\u00e3o [&hellip;]<\/p>\n","protected":false},"featured_media":2556,"template":"","categoria_projeto":[19,11,29],"class_list":["post-930","projeto","type-projeto","status-publish","has-post-thumbnail","hentry","categoria_projeto-architecture","categoria_projeto-renovation","categoria_projeto-completed"],"yoast_head":"<!-- This site is optimized with the Yoast SEO plugin v27.9 - https:\/\/yoast.com\/product\/yoast-seo-wordpress\/ -->\n<title>SH HOUSE - Paulo Martins Arquitectura<\/title>\n<meta name=\"robots\" content=\"index, follow, max-snippet:-1, max-image-preview:large, max-video-preview:-1\" \/>\n<link rel=\"canonical\" href=\"https:\/\/paulomartins.com.pt\/pt-pt\/project\/sh-house\/\" \/>\n<meta property=\"og:locale\" content=\"pt_PT\" \/>\n<meta property=\"og:type\" content=\"article\" \/>\n<meta property=\"og:title\" content=\"SH HOUSE - Paulo Martins Arquitectura\" \/>\n<meta property=\"og:description\" content=\"[vc_row css_animation=&#8221;fadeInUp&#8221; el_class=&#8221;espaco-proj&#8221;][vc_column][vc_row_inner disable_element=&#8221;yes&#8221;][vc_column_inner][vc_column_text] Titulo Inicial &#8211; N\u00e3o editavel [\/vc_column_text][\/vc_column_inner][\/vc_row_inner][vc_row_inner el_class=&#8221;bloco-projeto&#8221;][vc_column_inner][vc_column_text] Um ref\u00fagio sereno, concebido com cuidado, equil\u00edbrio e materiais quentes e intemporais. [\/vc_column_text][vc_column_text]Inserida numa implanta\u00e7\u00e3o compacta de 35 m\u00b2 e oferecendo 45 m\u00b2 de \u00e1rea habit\u00e1vel, este projecto nasce como um ref\u00fagio \u00edntimo para fins de semana.[\/vc_column_text][\/vc_column_inner][\/vc_row_inner][\/vc_column][\/vc_row][vc_row css_animation=&#8221;fadeInUp&#8221; el_class=&#8221;espaco-proj grid-architecture&#8221;][vc_column][vc_row_inner disable_element=&#8221;yes&#8221;][vc_column_inner][vc_column_text] Architecture &#8211; N\u00e3o [&hellip;]\" \/>\n<meta property=\"og:url\" content=\"https:\/\/paulomartins.com.pt\/pt-pt\/project\/sh-house\/\" \/>\n<meta property=\"og:site_name\" content=\"Paulo Martins Arquitectura\" \/>\n<meta property=\"article:modified_time\" content=\"2026-07-21T17:32:53+00:00\" \/>\n<meta property=\"og:image\" content=\"https:\/\/paulomartins.com.pt\/wp-content\/uploads\/2025\/10\/Architecture-Renovation-SH-House-Sever-Vouga-Banner-1.jpg\" \/>\n\t<meta property=\"og:image:width\" content=\"2000\" \/>\n\t<meta property=\"og:image:height\" content=\"1333\" \/>\n\t<meta property=\"og:image:type\" content=\"image\/jpeg\" \/>\n<meta name=\"twitter:card\" content=\"summary_large_image\" \/>\n<meta name=\"twitter:label1\" content=\"Tempo estimado de leitura\" \/>\n\t<meta name=\"twitter:data1\" content=\"7 minutos\" \/>\n<script type=\"application\/ld+json\" class=\"yoast-schema-graph\">{\"@context\":\"https:\\\/\\\/schema.org\",\"@graph\":[{\"@type\":\"WebPage\",\"@id\":\"https:\\\/\\\/paulomartins.com.pt\\\/pt-pt\\\/project\\\/sh-house\\\/\",\"url\":\"https:\\\/\\\/paulomartins.com.pt\\\/pt-pt\\\/project\\\/sh-house\\\/\",\"name\":\"SH HOUSE - Paulo Martins Arquitectura\",\"isPartOf\":{\"@id\":\"https:\\\/\\\/paulomartins.com.pt\\\/#website\"},\"primaryImageOfPage\":{\"@id\":\"https:\\\/\\\/paulomartins.com.pt\\\/pt-pt\\\/project\\\/sh-house\\\/#primaryimage\"},\"image\":{\"@id\":\"https:\\\/\\\/paulomartins.com.pt\\\/pt-pt\\\/project\\\/sh-house\\\/#primaryimage\"},\"thumbnailUrl\":\"https:\\\/\\\/paulomartins.com.pt\\\/wp-content\\\/uploads\\\/2025\\\/10\\\/Architecture-Renovation-SH-House-Sever-Vouga-Banner-1.jpg\",\"datePublished\":\"2016-10-17T16:05:54+00:00\",\"dateModified\":\"2026-07-21T17:32:53+00:00\",\"breadcrumb\":{\"@id\":\"https:\\\/\\\/paulomartins.com.pt\\\/pt-pt\\\/project\\\/sh-house\\\/#breadcrumb\"},\"inLanguage\":\"pt-PT\",\"potentialAction\":[{\"@type\":\"ReadAction\",\"target\":[\"https:\\\/\\\/paulomartins.com.pt\\\/pt-pt\\\/project\\\/sh-house\\\/\"]}]},{\"@type\":\"ImageObject\",\"inLanguage\":\"pt-PT\",\"@id\":\"https:\\\/\\\/paulomartins.com.pt\\\/pt-pt\\\/project\\\/sh-house\\\/#primaryimage\",\"url\":\"https:\\\/\\\/paulomartins.com.pt\\\/wp-content\\\/uploads\\\/2025\\\/10\\\/Architecture-Renovation-SH-House-Sever-Vouga-Banner-1.jpg\",\"contentUrl\":\"https:\\\/\\\/paulomartins.com.pt\\\/wp-content\\\/uploads\\\/2025\\\/10\\\/Architecture-Renovation-SH-House-Sever-Vouga-Banner-1.jpg\",\"width\":2000,\"height\":1333},{\"@type\":\"BreadcrumbList\",\"@id\":\"https:\\\/\\\/paulomartins.com.pt\\\/pt-pt\\\/project\\\/sh-house\\\/#breadcrumb\",\"itemListElement\":[{\"@type\":\"ListItem\",\"position\":1,\"name\":\"Home\",\"item\":\"https:\\\/\\\/paulomartins.com.pt\\\/pt-pt\\\/\"},{\"@type\":\"ListItem\",\"position\":2,\"name\":\"Projetos\",\"item\":\"https:\\\/\\\/paulomartins.com.pt\\\/projeto\\\/\"},{\"@type\":\"ListItem\",\"position\":3,\"name\":\"SH HOUSE\"}]},{\"@type\":\"WebSite\",\"@id\":\"https:\\\/\\\/paulomartins.com.pt\\\/#website\",\"url\":\"https:\\\/\\\/paulomartins.com.pt\\\/\",\"name\":\"Paulo Martins Arquitectura\",\"description\":\"\",\"publisher\":{\"@id\":\"https:\\\/\\\/paulomartins.com.pt\\\/#organization\"},\"potentialAction\":[{\"@type\":\"SearchAction\",\"target\":{\"@type\":\"EntryPoint\",\"urlTemplate\":\"https:\\\/\\\/paulomartins.com.pt\\\/?s={search_term_string}\"},\"query-input\":{\"@type\":\"PropertyValueSpecification\",\"valueRequired\":true,\"valueName\":\"search_term_string\"}}],\"inLanguage\":\"pt-PT\"},{\"@type\":\"Organization\",\"@id\":\"https:\\\/\\\/paulomartins.com.pt\\\/#organization\",\"name\":\"Paulo Martins Arquitectura\",\"url\":\"https:\\\/\\\/paulomartins.com.pt\\\/\",\"logo\":{\"@type\":\"ImageObject\",\"inLanguage\":\"pt-PT\",\"@id\":\"https:\\\/\\\/paulomartins.com.pt\\\/#\\\/schema\\\/logo\\\/image\\\/\",\"url\":\"https:\\\/\\\/paulomartins.com.pt\\\/wp-content\\\/uploads\\\/2026\\\/04\\\/cropped-cropped-logo-1.png\",\"contentUrl\":\"https:\\\/\\\/paulomartins.com.pt\\\/wp-content\\\/uploads\\\/2026\\\/04\\\/cropped-cropped-logo-1.png\",\"width\":193,\"height\":40,\"caption\":\"Paulo Martins Arquitectura\"},\"image\":{\"@id\":\"https:\\\/\\\/paulomartins.com.pt\\\/#\\\/schema\\\/logo\\\/image\\\/\"}}]}<\/script>\n<!-- \/ Yoast SEO plugin. -->","yoast_head_json":{"title":"SH HOUSE - Paulo Martins Arquitectura","robots":{"index":"index","follow":"follow","max-snippet":"max-snippet:-1","max-image-preview":"max-image-preview:large","max-video-preview":"max-video-preview:-1"},"canonical":"https:\/\/paulomartins.com.pt\/pt-pt\/project\/sh-house\/","og_locale":"pt_PT","og_type":"article","og_title":"SH HOUSE - Paulo Martins Arquitectura","og_description":"[vc_row css_animation=&#8221;fadeInUp&#8221; el_class=&#8221;espaco-proj&#8221;][vc_column][vc_row_inner disable_element=&#8221;yes&#8221;][vc_column_inner][vc_column_text] Titulo Inicial &#8211; N\u00e3o editavel [\/vc_column_text][\/vc_column_inner][\/vc_row_inner][vc_row_inner el_class=&#8221;bloco-projeto&#8221;][vc_column_inner][vc_column_text] Um ref\u00fagio sereno, concebido com cuidado, equil\u00edbrio e materiais quentes e intemporais. [\/vc_column_text][vc_column_text]Inserida numa implanta\u00e7\u00e3o compacta de 35 m\u00b2 e oferecendo 45 m\u00b2 de \u00e1rea habit\u00e1vel, este projecto nasce como um ref\u00fagio \u00edntimo para fins de semana.[\/vc_column_text][\/vc_column_inner][\/vc_row_inner][\/vc_column][\/vc_row][vc_row css_animation=&#8221;fadeInUp&#8221; el_class=&#8221;espaco-proj grid-architecture&#8221;][vc_column][vc_row_inner disable_element=&#8221;yes&#8221;][vc_column_inner][vc_column_text] Architecture &#8211; N\u00e3o [&hellip;]","og_url":"https:\/\/paulomartins.com.pt\/pt-pt\/project\/sh-house\/","og_site_name":"Paulo Martins Arquitectura","article_modified_time":"2026-07-21T17:32:53+00:00","og_image":[{"width":2000,"height":1333,"url":"https:\/\/paulomartins.com.pt\/wp-content\/uploads\/2025\/10\/Architecture-Renovation-SH-House-Sever-Vouga-Banner-1.jpg","type":"image\/jpeg"}],"twitter_card":"summary_large_image","twitter_misc":{"Tempo estimado de leitura":"7 minutos"},"schema":{"@context":"https:\/\/schema.org","@graph":[{"@type":"WebPage","@id":"https:\/\/paulomartins.com.pt\/pt-pt\/project\/sh-house\/","url":"https:\/\/paulomartins.com.pt\/pt-pt\/project\/sh-house\/","name":"SH HOUSE - Paulo Martins Arquitectura","isPartOf":{"@id":"https:\/\/paulomartins.com.pt\/#website"},"primaryImageOfPage":{"@id":"https:\/\/paulomartins.com.pt\/pt-pt\/project\/sh-house\/#primaryimage"},"image":{"@id":"https:\/\/paulomartins.com.pt\/pt-pt\/project\/sh-house\/#primaryimage"},"thumbnailUrl":"https:\/\/paulomartins.com.pt\/wp-content\/uploads\/2025\/10\/Architecture-Renovation-SH-House-Sever-Vouga-Banner-1.jpg","datePublished":"2016-10-17T16:05:54+00:00","dateModified":"2026-07-21T17:32:53+00:00","breadcrumb":{"@id":"https:\/\/paulomartins.com.pt\/pt-pt\/project\/sh-house\/#breadcrumb"},"inLanguage":"pt-PT","potentialAction":[{"@type":"ReadAction","target":["https:\/\/paulomartins.com.pt\/pt-pt\/project\/sh-house\/"]}]},{"@type":"ImageObject","inLanguage":"pt-PT","@id":"https:\/\/paulomartins.com.pt\/pt-pt\/project\/sh-house\/#primaryimage","url":"https:\/\/paulomartins.com.pt\/wp-content\/uploads\/2025\/10\/Architecture-Renovation-SH-House-Sever-Vouga-Banner-1.jpg","contentUrl":"https:\/\/paulomartins.com.pt\/wp-content\/uploads\/2025\/10\/Architecture-Renovation-SH-House-Sever-Vouga-Banner-1.jpg","width":2000,"height":1333},{"@type":"BreadcrumbList","@id":"https:\/\/paulomartins.com.pt\/pt-pt\/project\/sh-house\/#breadcrumb","itemListElement":[{"@type":"ListItem","position":1,"name":"Home","item":"https:\/\/paulomartins.com.pt\/pt-pt\/"},{"@type":"ListItem","position":2,"name":"Projetos","item":"https:\/\/paulomartins.com.pt\/projeto\/"},{"@type":"ListItem","position":3,"name":"SH HOUSE"}]},{"@type":"WebSite","@id":"https:\/\/paulomartins.com.pt\/#website","url":"https:\/\/paulomartins.com.pt\/","name":"Paulo Martins Arquitectura","description":"","publisher":{"@id":"https:\/\/paulomartins.com.pt\/#organization"},"potentialAction":[{"@type":"SearchAction","target":{"@type":"EntryPoint","urlTemplate":"https:\/\/paulomartins.com.pt\/?s={search_term_string}"},"query-input":{"@type":"PropertyValueSpecification","valueRequired":true,"valueName":"search_term_string"}}],"inLanguage":"pt-PT"},{"@type":"Organization","@id":"https:\/\/paulomartins.com.pt\/#organization","name":"Paulo Martins Arquitectura","url":"https:\/\/paulomartins.com.pt\/","logo":{"@type":"ImageObject","inLanguage":"pt-PT","@id":"https:\/\/paulomartins.com.pt\/#\/schema\/logo\/image\/","url":"https:\/\/paulomartins.com.pt\/wp-content\/uploads\/2026\/04\/cropped-cropped-logo-1.png","contentUrl":"https:\/\/paulomartins.com.pt\/wp-content\/uploads\/2026\/04\/cropped-cropped-logo-1.png","width":193,"height":40,"caption":"Paulo Martins Arquitectura"},"image":{"@id":"https:\/\/paulomartins.com.pt\/#\/schema\/logo\/image\/"}}]}},"_links":{"self":[{"href":"https:\/\/paulomartins.com.pt\/pt-pt\/wp-json\/wp\/v2\/projeto\/930","targetHints":{"allow":["GET"]}}],"collection":[{"href":"https:\/\/paulomartins.com.pt\/pt-pt\/wp-json\/wp\/v2\/projeto"}],"about":[{"href":"https:\/\/paulomartins.com.pt\/pt-pt\/wp-json\/wp\/v2\/types\/projeto"}],"wp:featuredmedia":[{"embeddable":true,"href":"https:\/\/paulomartins.com.pt\/pt-pt\/wp-json\/wp\/v2\/media\/2556"}],"wp:attachment":[{"href":"https:\/\/paulomartins.com.pt\/pt-pt\/wp-json\/wp\/v2\/media?parent=930"}],"wp:term":[{"taxonomy":"categoria_projeto","embeddable":true,"href":"https:\/\/paulomartins.com.pt\/pt-pt\/wp-json\/wp\/v2\/categoria_projeto?post=930"}],"curies":[{"name":"wp","href":"https:\/\/api.w.org\/{rel}","templated":true}]}}