{"id":31794,"date":"2026-04-30T13:39:50","date_gmt":"2026-04-30T13:39:50","guid":{"rendered":"https:\/\/paulomartins.com.pt\/projeto\/mercantel-restaurant-2\/"},"modified":"2026-07-21T15:06:11","modified_gmt":"2026-07-21T15:06:11","slug":"mercantel-restaurant","status":"publish","type":"projeto","link":"https:\/\/paulomartins.com.pt\/pt-pt\/project\/mercantel-restaurant\/","title":{"rendered":"MERCANTEL RESTAURANT"},"content":{"rendered":"<div class=\"wpb-content-wrapper\"><p>[vc_row css_animation=&#8221;fadeInUp&#8221; el_class=&#8221;espaco-proj&#8221;][vc_column][vc_row_inner disable_element=&#8221;yes&#8221;][vc_column_inner][vc_column_text]<\/p>\n<h1>Titulo Inicial &#8211; N\u00e3o editavel<\/h1>\n<p>[\/vc_column_text][\/vc_column_inner][\/vc_row_inner][vc_row_inner el_class=&#8221;bloco-projeto&#8221;][vc_column_inner][vc_column_text]<\/p>\n<h5>O Restaurante Mercantel \u00e9 um estabelecimento com <strong>50 anos, localizado no Cais dos Mercant\u00e9is, em Aveiro.<\/strong><\/h5>\n<p>[\/vc_column_text][vc_column_text]Recentemente, sob nova gest\u00e3o, decidiu-se renovar e adaptar este espa\u00e7o a uma nova realidade contempor\u00e2nea, conferindo-lhe uma identidade renovada que marca o in\u00edcio de uma nova era.[\/vc_column_text][\/vc_column_inner][\/vc_row_inner][\/vc_column][\/vc_row][vc_row css_animation=&#8221;fadeInUp&#8221; el_class=&#8221;espaco-proj grid-architecture&#8221;][vc_column][vc_row_inner disable_element=&#8221;yes&#8221;][vc_column_inner][vc_column_text]<\/p>\n<h1>Architecture &#8211; N\u00e3o editavel<\/h1>\n<p>[\/vc_column_text][\/vc_column_inner][\/vc_row_inner][vc_row_inner el_class=&#8221;grid-architecture-bloco1&#8243;][vc_column_inner][vc_column_text]<\/p>\n<h5>Arquitectura<\/h5>\n<p>Desenvolvido em estreita comunica\u00e7\u00e3o com o novo chef, o objetivo foi criar uma identidade visual e funcional abrangente, permeando tudo \u2014 desde a cozinha at\u00e9 \u00e0 atmosfera global do restaurante \u2014 com a inten\u00e7\u00e3o de proporcionar aos clientes uma experi\u00eancia hol\u00edstica e hedonista.[\/vc_column_text][vc_single_image image=&#8221;3726&#8243; img_size=&#8221;full&#8221; el_class=&#8221;grid-total-proj&#8221;][\/vc_column_inner][\/vc_row_inner][vc_row_inner][vc_column_inner width=&#8221;1\/2&#8243;][vc_single_image image=&#8221;2377&#8243; img_size=&#8221;full&#8221;][\/vc_column_inner][vc_column_inner width=&#8221;1\/2&#8243;][vc_single_image image=&#8221;3726&#8243; img_size=&#8221;full&#8221;][vc_column_text]<strong>Optou-se por criar um espa\u00e7o \u00edntimo, com cores terrosas e ilumina\u00e7\u00e3o quente, evocando uma sensa\u00e7\u00e3o de descontra\u00e7\u00e3o, conforto e familiaridade.\u00a0<\/strong>[\/vc_column_text][\/vc_column_inner][\/vc_row_inner][vc_row_inner equal_height=&#8221;yes&#8221;][vc_column_inner width=&#8221;1\/2&#8243;][\/vc_column_inner][vc_column_inner width=&#8221;1\/2&#8243;][vc_single_image image=&#8221;647&#8243; img_size=&#8221;full&#8221; el_class=&#8221;imagem-proj-grande&#8221;][\/vc_column_inner][\/vc_row_inner][vc_row_inner equal_height=&#8221;yes&#8221;][vc_column_inner][vc_single_image image=&#8221;646&#8243; img_size=&#8221;full&#8221;][\/vc_column_inner][\/vc_row_inner][vc_row_inner equal_height=&#8221;yes&#8221;][vc_column_inner width=&#8221;1\/2&#8243;][vc_single_image image=&#8221;3718&#8243; img_size=&#8221;full&#8221;][\/vc_column_inner][vc_column_inner width=&#8221;1\/2&#8243;][vc_column_text]Duas grandes mesas comunit\u00e1rias e tr\u00eas balc\u00f5es foram estrategicamente posicionados para incentivar a partilha e a intera\u00e7\u00e3o, enquanto as mesas individuais, apoiadas num sof\u00e1 comum, permitem maior privacidade.[\/vc_column_text][\/vc_column_inner][\/vc_row_inner][vc_row_inner content_placement=&#8221;bottom&#8221;][vc_column_inner width=&#8221;1\/3&#8243;][vc_single_image image=&#8221;3731&#8243; img_size=&#8221;full&#8221;][\/vc_column_inner][vc_column_inner width=&#8221;1\/3&#8243;][vc_single_image image=&#8221;3737&#8243; img_size=&#8221;full&#8221;][\/vc_column_inner][vc_column_inner width=&#8221;1\/3&#8243;][vc_single_image image=&#8221;3738&#8243; img_size=&#8221;full&#8221;][\/vc_column_inner][\/vc_row_inner][vc_row_inner equal_height=&#8221;yes&#8221;][vc_column_inner width=&#8221;1\/3&#8243;][vc_column_text]Inspirado na riqueza da cozinha mediterr\u00e2nica, o Mercantel n\u00e3o \u00e9 apenas um lugar para refei\u00e7\u00f5es, mas um espa\u00e7o onde se criam mem\u00f3rias culin\u00e1rias. A decora\u00e7\u00e3o foi pensada para refletir a tranquilidade e a beleza do Mediterr\u00e2neo, garantindo que cada visita seja uma relaxante escapadinha do quotidiano.[\/vc_column_text][\/vc_column_inner][vc_column_inner width=&#8221;1\/3&#8243;][\/vc_column_inner][vc_column_inner width=&#8221;1\/3&#8243;][vc_single_image image=&#8221;3719&#8243; img_size=&#8221;full&#8221;][\/vc_column_inner][\/vc_row_inner][vc_row_inner equal_height=&#8221;yes&#8221;][vc_column_inner width=&#8221;2\/12&#8243;][vc_single_image image=&#8221;3723&#8243; img_size=&#8221;full&#8221;][\/vc_column_inner][vc_column_inner width=&#8221;7\/12&#8243;][vc_single_image image=&#8221;2378&#8243; img_size=&#8221;full&#8221;][\/vc_column_inner][vc_column_inner width=&#8221;3\/12&#8243;][\/vc_column_inner][\/vc_row_inner][vc_row_inner equal_height=&#8221;yes&#8221;][vc_column_inner width=&#8221;1\/3&#8243;][vc_single_image image=&#8221;3725&#8243; img_size=&#8221;full&#8221;][\/vc_column_inner][vc_column_inner width=&#8221;1\/3&#8243;][vc_column_text]A cozinha aberta \u00e9 um elemento central da interven\u00e7\u00e3o. Mant\u00e9m um contacto visual constante com a sala de refei\u00e7\u00f5es, permitindo aos clientes observar todo o processo de confe\u00e7\u00e3o dos pratos. Esta transpar\u00eancia real\u00e7a o saber-fazer culin\u00e1rio e cria uma liga\u00e7\u00e3o direta entre o chef e os clientes, sem segredos e com a inten\u00e7\u00e3o de refor\u00e7ar a ideia de partilha e familiaridade.[\/vc_column_text][\/vc_column_inner][vc_column_inner width=&#8221;1\/3&#8243;][\/vc_column_inner][\/vc_row_inner][vc_row_inner equal_height=&#8221;yes&#8221;][vc_column_inner width=&#8221;1\/3&#8243;][vc_single_image image=&#8221;3720&#8243; img_size=&#8221;full&#8221;][\/vc_column_inner][vc_column_inner width=&#8221;1\/3&#8243;][vc_single_image image=&#8221;3733&#8243; img_size=&#8221;full&#8221;][\/vc_column_inner][vc_column_inner width=&#8221;1\/3&#8243;][vc_single_image image=&#8221;3730&#8243; img_size=&#8221;full&#8221;][\/vc_column_inner][\/vc_row_inner][vc_row_inner equal_height=&#8221;yes&#8221;][vc_column_inner width=&#8221;1\/2&#8243;][vc_single_image image=&#8221;3735&#8243; img_size=&#8221;full&#8221;][\/vc_column_inner][vc_column_inner width=&#8221;1\/2&#8243;][vc_single_image image=&#8221;3721&#8243; img_size=&#8221;full&#8221;][\/vc_column_inner][\/vc_row_inner][vc_row_inner equal_height=&#8221;yes&#8221;][vc_column_inner width=&#8221;1\/4&#8243;][vc_single_image image=&#8221;3734&#8243; img_size=&#8221;full&#8221;][\/vc_column_inner][vc_column_inner width=&#8221;1\/4&#8243;][vc_single_image image=&#8221;3736&#8243; img_size=&#8221;full&#8221;][\/vc_column_inner][vc_column_inner width=&#8221;1\/4&#8243;][vc_single_image image=&#8221;3722&#8243; img_size=&#8221;full&#8221;][\/vc_column_inner][vc_column_inner width=&#8221;1\/4&#8243;][vc_single_image image=&#8221;3724&#8243; img_size=&#8221;full&#8221;][\/vc_column_inner][\/vc_row_inner][vc_row_inner equal_height=&#8221;yes&#8221;][vc_column_inner][vc_single_image image=&#8221;3727&#8243; img_size=&#8221;full&#8221;][\/vc_column_inner][\/vc_row_inner][vc_row_inner equal_height=&#8221;yes&#8221;][vc_column_inner][vc_single_image image=&#8221;3937&#8243; img_size=&#8221;full&#8221;][\/vc_column_inner][\/vc_row_inner][vc_row_inner el_class=&#8221;artigo-bloco-3&#8243;][vc_column_inner][vc_gallery type=&#8221;image_grid&#8221; images=&#8221;4005&#8243; img_size=&#8221;full&#8221;][vc_raw_html]JTNDZGl2JTIwY2xhc3MlM0QlMjJzY3JvbGwtY29udGFpbmVyJTIyJTNFJTBBJTIwJTIwJTNDZGl2JTIwY2xhc3MlM0QlMjJzY3JvbGwtY29udGVudCUyMiUzRSUzQyUyRmRpdiUzRSUwQSUzQyUyRmRpdiUzRSUwQQ==[\/vc_raw_html][\/vc_column_inner][\/vc_row_inner][\/vc_column][\/vc_row][vc_row css_animation=&#8221;fadeInUp&#8221; el_class=&#8221;espaco-proj&#8221;][vc_column][vc_row_inner disable_element=&#8221;yes&#8221;][vc_column_inner][vc_column_text]<\/p>\n<h1>AWARS &#8211; N\u00c3O EDITAVEL<\/h1>\n<p>CARREGA AUTOMATICAMENTE AWARS ASSOCIADOS[\/vc_column_text][\/vc_column_inner][\/vc_row_inner][vc_column_text][\/vc_column_text][\/vc_column][\/vc_row][vc_row css_animation=&#8221;fadeInUp&#8221; el_class=&#8221;espaco-proj&#8221;][vc_column][vc_row_inner disable_element=&#8221;yes&#8221;][vc_column_inner][vc_column_text]<\/p>\n<h1>PUBLICA\u00c7\u00d5ES &#8211; N\u00c3O EDITAVEL<\/h1>\n<p>CARREGA AUTOMATICAMENTE PUBLICA\u00c7\u00d5ES ASSOCIADAS (PRINT AND DIGITAL)[\/vc_column_text][\/vc_column_inner][\/vc_row_inner][vc_column_text][\/vc_column_text][\/vc_column][\/vc_row][vc_row css_animation=&#8221;fadeInUp&#8221; el_class=&#8221;used-materials espaco-proj&#8221;][vc_column][vc_row_inner disable_element=&#8221;yes&#8221;][vc_column_inner][vc_column_text]<\/p>\n<h1>USED MATERIALS &amp; PROJECT CREDITS &#8211; N\u00c3O EDITAVEL<\/h1>\n<p>[\/vc_column_text][\/vc_column_inner][\/vc_row_inner][vc_row_inner el_class=&#8221;digital-type&#8221;][vc_column_inner width=&#8221;1\/2&#8243;][vc_column_text]<\/p>\n<h5>Cr\u00e9ditos do projecto<\/h5>\n<p>[\/vc_column_text][\/vc_column_inner][vc_column_inner width=&#8221;1\/2&#8243;][vc_column_text el_class=&#8221;bloco-texto-credits&#8221;]<\/p>\n<h6>In\u00edcio \/ Fim<\/h6>\n<p>2023\/2023[\/vc_column_text][vc_column_text el_class=&#8221;bloco-texto-credits&#8221;]<\/p>\n<h6>\u00c1rea Bruta<\/h6>\n<p>216 m2[\/vc_column_text][vc_column_text el_class=&#8221;bloco-texto-credits&#8221;]<\/p>\n<h6>Direc\u00e7\u00e3o criativa<\/h6>\n<p>Paulo Martins | Arquitecto[\/vc_column_text][vc_column_text el_class=&#8221;bloco-texto-credits&#8221;]<\/p>\n<h6>Construc\u00e7\u00e3o<\/h6>\n<p>DTLA Constru\u00e7\u00f5es[\/vc_column_text][vc_column_text el_class=&#8221;bloco-texto-credits&#8221;]<\/p>\n<h6>Cr\u00e9ditos fotogr\u00e1ficos<\/h6>\n<p>Ivo Tavares Studio[\/vc_column_text][vc_column_text el_class=&#8221;bloco-texto-credits&#8221;]<\/p>\n<h6>STYLING<\/h6>\n<p>Cl\u00e1udia Sucena[\/vc_column_text][\/vc_column_inner][\/vc_row_inner][vc_row_inner el_class=&#8221;digital-type&#8221;][vc_column_inner width=&#8221;1\/2&#8243;][vc_column_text]<\/p>\n<h5>Materiais usados<\/h5>\n<p>[\/vc_column_text][\/vc_column_inner][vc_column_inner width=&#8221;1\/2&#8243;][vc_column_text el_class=&#8221;bloco-texto-credits&#8221;]<\/p>\n<h6>Pavimento interior<\/h6>\n<p>Microcimento Richimi[\/vc_column_text][vc_column_text el_class=&#8221;bloco-texto-credits&#8221;]<\/p>\n<h6>Loi\u00e7as sanit\u00e1rias<\/h6>\n<p>Valadares[\/vc_column_text][\/vc_column_inner][\/vc_row_inner][vc_row_inner el_class=&#8221;digital-type&#8221;][vc_column_inner width=&#8221;1\/2&#8243;][vc_column_text]<\/p>\n<h5>Informa\u00e7\u00e3o t\u00e9cnica<\/h5>\n<p>[\/vc_column_text][\/vc_column_inner][vc_column_inner width=&#8221;1\/2&#8243;][vc_column_text el_class=&#8221;bloco-texto-credits&#8221;]<\/p>\n<h6>Mobili\u00e1rio Interior<\/h6>\n<p>Vondom (s\u00e9rie FAZ)[\/vc_column_text][vc_column_text el_class=&#8221;bloco-texto-credits&#8221;]<\/p>\n<h6>Mobili\u00e1rio exterior<\/h6>\n<p>Vondom (s\u00e9rie AFRICA + QUARTZ)[\/vc_column_text][vc_column_text el_class=&#8221;bloco-texto-credits&#8221;]<\/p>\n<h6>Decora\u00e7\u00e3o<\/h6>\n<p>Grau cer\u00e2mica<\/p>\n<p>Anna Westerlund[\/vc_column_text][vc_column_text el_class=&#8221;bloco-texto-credits&#8221;]<\/p>\n<h6>Ilumina\u00e7\u00e3o<\/h6>\n<p>Bar &#8211; MARSET (dipping \u00e1mbar)<\/p>\n<p>Casa de banho (suspens\u00e3o) &#8211; BOVER (SKYBELL PLUS BACK)<\/p>\n<p>Casa de banho (teto) &#8211; KARIZMA (DEA AMATA xs)[\/vc_column_text][\/vc_column_inner][\/vc_row_inner][\/vc_column][\/vc_row]<\/p>\n<\/div>","protected":false},"excerpt":{"rendered":"<p>[vc_row css_animation=&#8221;fadeInUp&#8221; el_class=&#8221;espaco-proj&#8221;][vc_column][vc_row_inner disable_element=&#8221;yes&#8221;][vc_column_inner][vc_column_text] Titulo Inicial &#8211; N\u00e3o editavel [\/vc_column_text][\/vc_column_inner][\/vc_row_inner][vc_row_inner el_class=&#8221;bloco-projeto&#8221;][vc_column_inner][vc_column_text] O Restaurante Mercantel \u00e9 um estabelecimento com 50 anos, localizado no Cais dos Mercant\u00e9is, em Aveiro. [\/vc_column_text][vc_column_text]Recentemente, sob nova gest\u00e3o, decidiu-se renovar e adaptar este espa\u00e7o a uma nova realidade contempor\u00e2nea, conferindo-lhe uma identidade renovada que marca o in\u00edcio de uma nova era.[\/vc_column_text][\/vc_column_inner][\/vc_row_inner][\/vc_column][\/vc_row][vc_row css_animation=&#8221;fadeInUp&#8221; [&hellip;]<\/p>\n","protected":false},"featured_media":3938,"template":"","categoria_projeto":[19,33,20,29,13],"class_list":["post-31794","projeto","type-projeto","status-publish","has-post-thumbnail","hentry","categoria_projeto-architecture","categoria_projeto-hospitality","categoria_projeto-interior-design-decoration","categoria_projeto-completed","categoria_projeto-interior-design"],"yoast_head":"<!-- This site is optimized with the Yoast SEO plugin v27.9 - https:\/\/yoast.com\/product\/yoast-seo-wordpress\/ -->\n<title>MERCANTEL RESTAURANT - Paulo Martins Arquitectura<\/title>\n<meta name=\"robots\" content=\"index, follow, max-snippet:-1, max-image-preview:large, max-video-preview:-1\" \/>\n<link rel=\"canonical\" href=\"https:\/\/paulomartins.com.pt\/pt-pt\/project\/mercantel-restaurant\/\" \/>\n<meta property=\"og:locale\" content=\"pt_PT\" \/>\n<meta property=\"og:type\" content=\"article\" \/>\n<meta property=\"og:title\" content=\"MERCANTEL RESTAURANT - Paulo Martins Arquitectura\" \/>\n<meta property=\"og:description\" content=\"[vc_row css_animation=&#8221;fadeInUp&#8221; el_class=&#8221;espaco-proj&#8221;][vc_column][vc_row_inner disable_element=&#8221;yes&#8221;][vc_column_inner][vc_column_text] Titulo Inicial &#8211; N\u00e3o editavel [\/vc_column_text][\/vc_column_inner][\/vc_row_inner][vc_row_inner el_class=&#8221;bloco-projeto&#8221;][vc_column_inner][vc_column_text] O Restaurante Mercantel \u00e9 um estabelecimento com 50 anos, localizado no Cais dos Mercant\u00e9is, em Aveiro. [\/vc_column_text][vc_column_text]Recentemente, sob nova gest\u00e3o, decidiu-se renovar e adaptar este espa\u00e7o a uma nova realidade contempor\u00e2nea, conferindo-lhe uma identidade renovada que marca o in\u00edcio de uma nova era.[\/vc_column_text][\/vc_column_inner][\/vc_row_inner][\/vc_column][\/vc_row][vc_row css_animation=&#8221;fadeInUp&#8221; [&hellip;]\" \/>\n<meta property=\"og:url\" content=\"https:\/\/paulomartins.com.pt\/pt-pt\/project\/mercantel-restaurant\/\" \/>\n<meta property=\"og:site_name\" content=\"Paulo Martins Arquitectura\" \/>\n<meta property=\"article:modified_time\" content=\"2026-07-21T15:06:11+00:00\" \/>\n<meta property=\"og:image\" content=\"https:\/\/paulomartins.com.pt\/wp-content\/uploads\/2026\/04\/PAULO_MARTINS_ARQUITECTURA_MERCANTEL_26-scaled.jpg\" \/>\n\t<meta property=\"og:image:width\" content=\"2560\" \/>\n\t<meta property=\"og:image:height\" content=\"1708\" \/>\n\t<meta property=\"og:image:type\" content=\"image\/jpeg\" \/>\n<meta name=\"twitter:card\" content=\"summary_large_image\" \/>\n<meta name=\"twitter:label1\" content=\"Tempo estimado de leitura\" \/>\n\t<meta name=\"twitter:data1\" content=\"8 minutos\" \/>\n<script type=\"application\/ld+json\" class=\"yoast-schema-graph\">{\"@context\":\"https:\\\/\\\/schema.org\",\"@graph\":[{\"@type\":\"WebPage\",\"@id\":\"https:\\\/\\\/paulomartins.com.pt\\\/pt-pt\\\/project\\\/mercantel-restaurant\\\/\",\"url\":\"https:\\\/\\\/paulomartins.com.pt\\\/pt-pt\\\/project\\\/mercantel-restaurant\\\/\",\"name\":\"MERCANTEL RESTAURANT - Paulo Martins Arquitectura\",\"isPartOf\":{\"@id\":\"https:\\\/\\\/paulomartins.com.pt\\\/#website\"},\"primaryImageOfPage\":{\"@id\":\"https:\\\/\\\/paulomartins.com.pt\\\/pt-pt\\\/project\\\/mercantel-restaurant\\\/#primaryimage\"},\"image\":{\"@id\":\"https:\\\/\\\/paulomartins.com.pt\\\/pt-pt\\\/project\\\/mercantel-restaurant\\\/#primaryimage\"},\"thumbnailUrl\":\"https:\\\/\\\/paulomartins.com.pt\\\/wp-content\\\/uploads\\\/2026\\\/04\\\/PAULO_MARTINS_ARQUITECTURA_MERCANTEL_26-scaled.jpg\",\"datePublished\":\"2026-04-30T13:39:50+00:00\",\"dateModified\":\"2026-07-21T15:06:11+00:00\",\"breadcrumb\":{\"@id\":\"https:\\\/\\\/paulomartins.com.pt\\\/pt-pt\\\/project\\\/mercantel-restaurant\\\/#breadcrumb\"},\"inLanguage\":\"pt-PT\",\"potentialAction\":[{\"@type\":\"ReadAction\",\"target\":[\"https:\\\/\\\/paulomartins.com.pt\\\/pt-pt\\\/project\\\/mercantel-restaurant\\\/\"]}]},{\"@type\":\"ImageObject\",\"inLanguage\":\"pt-PT\",\"@id\":\"https:\\\/\\\/paulomartins.com.pt\\\/pt-pt\\\/project\\\/mercantel-restaurant\\\/#primaryimage\",\"url\":\"https:\\\/\\\/paulomartins.com.pt\\\/wp-content\\\/uploads\\\/2026\\\/04\\\/PAULO_MARTINS_ARQUITECTURA_MERCANTEL_26-scaled.jpg\",\"contentUrl\":\"https:\\\/\\\/paulomartins.com.pt\\\/wp-content\\\/uploads\\\/2026\\\/04\\\/PAULO_MARTINS_ARQUITECTURA_MERCANTEL_26-scaled.jpg\",\"width\":2560,\"height\":1708,\"caption\":\"Restaurante Mercantel com arquitetura Paulo Martins e fotografia Ivo Tavares Studio\"},{\"@type\":\"BreadcrumbList\",\"@id\":\"https:\\\/\\\/paulomartins.com.pt\\\/pt-pt\\\/project\\\/mercantel-restaurant\\\/#breadcrumb\",\"itemListElement\":[{\"@type\":\"ListItem\",\"position\":1,\"name\":\"Home\",\"item\":\"https:\\\/\\\/paulomartins.com.pt\\\/pt-pt\\\/\"},{\"@type\":\"ListItem\",\"position\":2,\"name\":\"Projetos\",\"item\":\"https:\\\/\\\/paulomartins.com.pt\\\/projeto\\\/\"},{\"@type\":\"ListItem\",\"position\":3,\"name\":\"MERCANTEL RESTAURANT\"}]},{\"@type\":\"WebSite\",\"@id\":\"https:\\\/\\\/paulomartins.com.pt\\\/#website\",\"url\":\"https:\\\/\\\/paulomartins.com.pt\\\/\",\"name\":\"Paulo Martins Arquitectura\",\"description\":\"\",\"publisher\":{\"@id\":\"https:\\\/\\\/paulomartins.com.pt\\\/#organization\"},\"potentialAction\":[{\"@type\":\"SearchAction\",\"target\":{\"@type\":\"EntryPoint\",\"urlTemplate\":\"https:\\\/\\\/paulomartins.com.pt\\\/?s={search_term_string}\"},\"query-input\":{\"@type\":\"PropertyValueSpecification\",\"valueRequired\":true,\"valueName\":\"search_term_string\"}}],\"inLanguage\":\"pt-PT\"},{\"@type\":\"Organization\",\"@id\":\"https:\\\/\\\/paulomartins.com.pt\\\/#organization\",\"name\":\"Paulo Martins Arquitectura\",\"url\":\"https:\\\/\\\/paulomartins.com.pt\\\/\",\"logo\":{\"@type\":\"ImageObject\",\"inLanguage\":\"pt-PT\",\"@id\":\"https:\\\/\\\/paulomartins.com.pt\\\/#\\\/schema\\\/logo\\\/image\\\/\",\"url\":\"https:\\\/\\\/paulomartins.com.pt\\\/wp-content\\\/uploads\\\/2026\\\/04\\\/cropped-cropped-logo-1.png\",\"contentUrl\":\"https:\\\/\\\/paulomartins.com.pt\\\/wp-content\\\/uploads\\\/2026\\\/04\\\/cropped-cropped-logo-1.png\",\"width\":193,\"height\":40,\"caption\":\"Paulo Martins Arquitectura\"},\"image\":{\"@id\":\"https:\\\/\\\/paulomartins.com.pt\\\/#\\\/schema\\\/logo\\\/image\\\/\"}}]}<\/script>\n<!-- \/ Yoast SEO plugin. -->","yoast_head_json":{"title":"MERCANTEL RESTAURANT - Paulo Martins Arquitectura","robots":{"index":"index","follow":"follow","max-snippet":"max-snippet:-1","max-image-preview":"max-image-preview:large","max-video-preview":"max-video-preview:-1"},"canonical":"https:\/\/paulomartins.com.pt\/pt-pt\/project\/mercantel-restaurant\/","og_locale":"pt_PT","og_type":"article","og_title":"MERCANTEL RESTAURANT - Paulo Martins Arquitectura","og_description":"[vc_row css_animation=&#8221;fadeInUp&#8221; el_class=&#8221;espaco-proj&#8221;][vc_column][vc_row_inner disable_element=&#8221;yes&#8221;][vc_column_inner][vc_column_text] Titulo Inicial &#8211; N\u00e3o editavel [\/vc_column_text][\/vc_column_inner][\/vc_row_inner][vc_row_inner el_class=&#8221;bloco-projeto&#8221;][vc_column_inner][vc_column_text] O Restaurante Mercantel \u00e9 um estabelecimento com 50 anos, localizado no Cais dos Mercant\u00e9is, em Aveiro. [\/vc_column_text][vc_column_text]Recentemente, sob nova gest\u00e3o, decidiu-se renovar e adaptar este espa\u00e7o a uma nova realidade contempor\u00e2nea, conferindo-lhe uma identidade renovada que marca o in\u00edcio de uma nova era.[\/vc_column_text][\/vc_column_inner][\/vc_row_inner][\/vc_column][\/vc_row][vc_row css_animation=&#8221;fadeInUp&#8221; [&hellip;]","og_url":"https:\/\/paulomartins.com.pt\/pt-pt\/project\/mercantel-restaurant\/","og_site_name":"Paulo Martins Arquitectura","article_modified_time":"2026-07-21T15:06:11+00:00","og_image":[{"width":2560,"height":1708,"url":"https:\/\/paulomartins.com.pt\/wp-content\/uploads\/2026\/04\/PAULO_MARTINS_ARQUITECTURA_MERCANTEL_26-scaled.jpg","type":"image\/jpeg"}],"twitter_card":"summary_large_image","twitter_misc":{"Tempo estimado de leitura":"8 minutos"},"schema":{"@context":"https:\/\/schema.org","@graph":[{"@type":"WebPage","@id":"https:\/\/paulomartins.com.pt\/pt-pt\/project\/mercantel-restaurant\/","url":"https:\/\/paulomartins.com.pt\/pt-pt\/project\/mercantel-restaurant\/","name":"MERCANTEL RESTAURANT - Paulo Martins Arquitectura","isPartOf":{"@id":"https:\/\/paulomartins.com.pt\/#website"},"primaryImageOfPage":{"@id":"https:\/\/paulomartins.com.pt\/pt-pt\/project\/mercantel-restaurant\/#primaryimage"},"image":{"@id":"https:\/\/paulomartins.com.pt\/pt-pt\/project\/mercantel-restaurant\/#primaryimage"},"thumbnailUrl":"https:\/\/paulomartins.com.pt\/wp-content\/uploads\/2026\/04\/PAULO_MARTINS_ARQUITECTURA_MERCANTEL_26-scaled.jpg","datePublished":"2026-04-30T13:39:50+00:00","dateModified":"2026-07-21T15:06:11+00:00","breadcrumb":{"@id":"https:\/\/paulomartins.com.pt\/pt-pt\/project\/mercantel-restaurant\/#breadcrumb"},"inLanguage":"pt-PT","potentialAction":[{"@type":"ReadAction","target":["https:\/\/paulomartins.com.pt\/pt-pt\/project\/mercantel-restaurant\/"]}]},{"@type":"ImageObject","inLanguage":"pt-PT","@id":"https:\/\/paulomartins.com.pt\/pt-pt\/project\/mercantel-restaurant\/#primaryimage","url":"https:\/\/paulomartins.com.pt\/wp-content\/uploads\/2026\/04\/PAULO_MARTINS_ARQUITECTURA_MERCANTEL_26-scaled.jpg","contentUrl":"https:\/\/paulomartins.com.pt\/wp-content\/uploads\/2026\/04\/PAULO_MARTINS_ARQUITECTURA_MERCANTEL_26-scaled.jpg","width":2560,"height":1708,"caption":"Restaurante Mercantel com arquitetura Paulo Martins e fotografia Ivo Tavares Studio"},{"@type":"BreadcrumbList","@id":"https:\/\/paulomartins.com.pt\/pt-pt\/project\/mercantel-restaurant\/#breadcrumb","itemListElement":[{"@type":"ListItem","position":1,"name":"Home","item":"https:\/\/paulomartins.com.pt\/pt-pt\/"},{"@type":"ListItem","position":2,"name":"Projetos","item":"https:\/\/paulomartins.com.pt\/projeto\/"},{"@type":"ListItem","position":3,"name":"MERCANTEL RESTAURANT"}]},{"@type":"WebSite","@id":"https:\/\/paulomartins.com.pt\/#website","url":"https:\/\/paulomartins.com.pt\/","name":"Paulo Martins Arquitectura","description":"","publisher":{"@id":"https:\/\/paulomartins.com.pt\/#organization"},"potentialAction":[{"@type":"SearchAction","target":{"@type":"EntryPoint","urlTemplate":"https:\/\/paulomartins.com.pt\/?s={search_term_string}"},"query-input":{"@type":"PropertyValueSpecification","valueRequired":true,"valueName":"search_term_string"}}],"inLanguage":"pt-PT"},{"@type":"Organization","@id":"https:\/\/paulomartins.com.pt\/#organization","name":"Paulo Martins Arquitectura","url":"https:\/\/paulomartins.com.pt\/","logo":{"@type":"ImageObject","inLanguage":"pt-PT","@id":"https:\/\/paulomartins.com.pt\/#\/schema\/logo\/image\/","url":"https:\/\/paulomartins.com.pt\/wp-content\/uploads\/2026\/04\/cropped-cropped-logo-1.png","contentUrl":"https:\/\/paulomartins.com.pt\/wp-content\/uploads\/2026\/04\/cropped-cropped-logo-1.png","width":193,"height":40,"caption":"Paulo Martins Arquitectura"},"image":{"@id":"https:\/\/paulomartins.com.pt\/#\/schema\/logo\/image\/"}}]}},"_links":{"self":[{"href":"https:\/\/paulomartins.com.pt\/pt-pt\/wp-json\/wp\/v2\/projeto\/31794","targetHints":{"allow":["GET"]}}],"collection":[{"href":"https:\/\/paulomartins.com.pt\/pt-pt\/wp-json\/wp\/v2\/projeto"}],"about":[{"href":"https:\/\/paulomartins.com.pt\/pt-pt\/wp-json\/wp\/v2\/types\/projeto"}],"wp:featuredmedia":[{"embeddable":true,"href":"https:\/\/paulomartins.com.pt\/pt-pt\/wp-json\/wp\/v2\/media\/3938"}],"wp:attachment":[{"href":"https:\/\/paulomartins.com.pt\/pt-pt\/wp-json\/wp\/v2\/media?parent=31794"}],"wp:term":[{"taxonomy":"categoria_projeto","embeddable":true,"href":"https:\/\/paulomartins.com.pt\/pt-pt\/wp-json\/wp\/v2\/categoria_projeto?post=31794"}],"curies":[{"name":"wp","href":"https:\/\/api.w.org\/{rel}","templated":true}]}}