{"id":31754,"date":"2026-05-08T07:39:25","date_gmt":"2026-05-08T07:39:25","guid":{"rendered":"https:\/\/paulomartins.com.pt\/projeto\/alcoutins-house-2\/"},"modified":"2026-07-21T14:36:34","modified_gmt":"2026-07-21T14:36:34","slug":"alcoutins-house","status":"publish","type":"projeto","link":"https:\/\/paulomartins.com.pt\/pt-pt\/project\/alcoutins-house\/","title":{"rendered":"ALCOUTINS HOUSE"},"content":{"rendered":"<div class=\"wpb-content-wrapper\"><p>[vc_row css_animation=&#8221;fadeInUp&#8221; el_class=&#8221;espaco-proj&#8221;][vc_column][vc_row_inner disable_element=&#8221;yes&#8221;][vc_column_inner][vc_column_text]<\/p>\n<h1>Titulo Inicial &#8211; N\u00e3o editavel<\/h1>\n<p>[\/vc_column_text][\/vc_column_inner][\/vc_row_inner][vc_row_inner el_class=&#8221;bloco-projeto&#8221;][vc_column_inner][vc_column_text]<\/p>\n<h5>Este projeto \u00e9 uma experi\u00eancia constru\u00edda de espa\u00e7o, luz e sil\u00eancio.<br \/>\nA casa adapta-se ao <strong>declive com uma intimidade em camadas \u2014 a vida social acima, o ref\u00fagio silencioso abaixo<\/strong><\/h5>\n<p>[\/vc_column_text][vc_column_text]Esta resid\u00eancia est\u00e1 situada num terreno inclinado dentro de um campo de golfe, com um desn\u00edvel de sete metros que molda a sua organiza\u00e7\u00e3o espacial.[\/vc_column_text][\/vc_column_inner][\/vc_row_inner][\/vc_column][\/vc_row][vc_row css_animation=&#8221;fadeInUp&#8221; el_class=&#8221;espaco-proj grid-architecture&#8221;][vc_column][vc_row_inner disable_element=&#8221;yes&#8221;][vc_column_inner][vc_column_text]<\/p>\n<h1>Architecture &#8211; N\u00e3o editavel<\/h1>\n<p>[\/vc_column_text][\/vc_column_inner][\/vc_row_inner][vc_row_inner el_class=&#8221;grid-architecture-bloco1&#8243;][vc_column_inner][vc_column_text]<\/p>\n<h5>Arquitectura<\/h5>\n<p>A entrada principal encontra-se no n\u00edvel superior, enquanto o piso inferior acolhe a garagem e as \u00e1reas t\u00e9cnicas, com acesso direto ao campo. As zonas privadas est\u00e3o posicionadas no n\u00edvel interm\u00e9dio.[\/vc_column_text][vc_single_image image=&#8221;4187&#8243; img_size=&#8221;full&#8221; el_class=&#8221;grid-total-proj&#8221;][\/vc_column_inner][\/vc_row_inner][vc_row_inner][vc_column_inner width=&#8221;1\/2&#8243;][vc_single_image image=&#8221;4188&#8243; img_size=&#8221;full&#8221;][\/vc_column_inner][vc_column_inner width=&#8221;1\/2&#8243;][vc_single_image image=&#8221;4191&#8243; img_size=&#8221;full&#8221;][\/vc_column_inner][\/vc_row_inner][vc_row_inner][vc_column_inner width=&#8221;1\/2&#8243;][vc_single_image image=&#8221;4194&#8243; img_size=&#8221;full&#8221;][\/vc_column_inner][vc_column_inner width=&#8221;1\/2&#8243;][vc_single_image image=&#8221;4190&#8243; img_size=&#8221;full&#8221;][vc_column_text]A casa abre-se \u00e0 paisagem e protege-se dos olhares vizinhos.<br \/>\nUm terra\u00e7o lateral \u2014 onde se encontra a piscina \u2014 e uma sequ\u00eancia de varandas definem o gesto arquitet\u00f3nico do projeto: espa\u00e7os fluidos, abertos e de limites esbatidos que refletem a vis\u00e3o dos clientes de uma forma de viver mais livre e conectada.[\/vc_column_text][\/vc_column_inner][\/vc_row_inner][vc_row_inner equal_height=&#8221;yes&#8221;][vc_column_inner width=&#8221;7\/12&#8243;][vc_single_image image=&#8221;4217&#8243; img_size=&#8221;full&#8221;][\/vc_column_inner][vc_column_inner width=&#8221;2\/12&#8243;][vc_single_image image=&#8221;4203&#8243; img_size=&#8221;full&#8221;][\/vc_column_inner][vc_column_inner width=&#8221;3\/12&#8243;][vc_single_image image=&#8221;4206&#8243; img_size=&#8221;full&#8221;][\/vc_column_inner][\/vc_row_inner][vc_row_inner content_placement=&#8221;bottom&#8221;][vc_column_inner width=&#8221;1\/2&#8243;][vc_column_text]A coroar a casa est\u00e1 uma cobertura inspirada na arquitetura rural portuguesa, na vegeta\u00e7\u00e3o tropical e num estilo de vida descontra\u00eddo. Desenha-se como uma superf\u00edcie dobrada de volumes de duas \u00e1guas, revestida a zinco no exterior e a nogueira no interior.[\/vc_column_text][vc_single_image image=&#8221;4208&#8243; img_size=&#8221;full&#8221; el_class=&#8221;imagem-proj-pequena&#8221;][\/vc_column_inner][vc_column_inner width=&#8221;1\/2&#8243;][vc_single_image image=&#8221;4204&#8243; img_size=&#8221;full&#8221;][\/vc_column_inner][\/vc_row_inner][vc_row_inner][vc_column_inner width=&#8221;4\/6&#8243;][vc_single_image image=&#8221;4202&#8243; img_size=&#8221;full&#8221;][\/vc_column_inner][vc_column_inner width=&#8221;2\/6&#8243;][vc_column_text]Aberturas estrategicamente colocadas na sua geometria oferecem vistas filtradas e po\u00e9ticas do c\u00e9u atrav\u00e9s de ripas de madeira.[\/vc_column_text][\/vc_column_inner][\/vc_row_inner][vc_row_inner equal_height=&#8221;yes&#8221;][vc_column_inner][vc_single_image image=&#8221;4195&#8243; img_size=&#8221;full&#8221;][\/vc_column_inner][\/vc_row_inner][vc_row_inner equal_height=&#8221;yes&#8221;][vc_column_inner width=&#8221;2\/12&#8243;][\/vc_column_inner][vc_column_inner width=&#8221;3\/12&#8243;][\/vc_column_inner][vc_column_inner width=&#8221;7\/12&#8243;][vc_single_image image=&#8221;4193&#8243; img_size=&#8221;full&#8221;][\/vc_column_inner][\/vc_row_inner][vc_row_inner][vc_column_inner width=&#8221;1\/2&#8243;][vc_single_image image=&#8221;4211&#8243; img_size=&#8221;full&#8221;][\/vc_column_inner][vc_column_inner width=&#8221;1\/2&#8243;][vc_column_text]As \u00e1reas sociais situam-se no n\u00edvel de entrada e ligam-se de forma cont\u00ednua ao terra\u00e7o principal atrav\u00e9s de um grande v\u00e3o reentrante. Os quartos e su\u00edtes encontram-se no n\u00edvel inferior, onde uma entrada mais contida intensifica o impacto visual e emocional das vistas sobre o campo de golfe.[\/vc_column_text][\/vc_column_inner][\/vc_row_inner][vc_row_inner equal_height=&#8221;yes&#8221;][vc_column_inner width=&#8221;1\/3&#8243;][vc_single_image image=&#8221;4209&#8243; img_size=&#8221;full&#8221;][\/vc_column_inner][vc_column_inner width=&#8221;1\/3&#8243;][vc_single_image image=&#8221;4213&#8243; img_size=&#8221;full&#8221;][\/vc_column_inner][vc_column_inner width=&#8221;1\/3&#8243;][vc_single_image image=&#8221;4214&#8243; img_size=&#8221;full&#8221;][\/vc_column_inner][\/vc_row_inner][vc_row_inner content_placement=&#8221;bottom&#8221;][vc_column_inner width=&#8221;1\/2&#8243;][vc_column_text]Uma paleta de materiais contida \u2014 reboco branco e madeira de ip\u00ea no exterior, microcimento e nogueira no interior \u2014 enfatiza o equil\u00edbrio entre arquitetura, atmosfera e envolvente natural.[\/vc_column_text][vc_single_image image=&#8221;4218&#8243; img_size=&#8221;full&#8221; el_class=&#8221;imagem-proj-pequena&#8221;][\/vc_column_inner][vc_column_inner width=&#8221;1\/2&#8243;][vc_single_image image=&#8221;4201&#8243; img_size=&#8221;full&#8221;][\/vc_column_inner][\/vc_row_inner][vc_row_inner equal_height=&#8221;yes&#8221;][vc_column_inner width=&#8221;1\/3&#8243;][vc_single_image image=&#8221;4210&#8243; img_size=&#8221;full&#8221;][\/vc_column_inner][vc_column_inner width=&#8221;1\/3&#8243;][vc_single_image image=&#8221;4212&#8243; img_size=&#8221;full&#8221;][\/vc_column_inner][vc_column_inner width=&#8221;1\/3&#8243;][vc_single_image image=&#8221;4215&#8243; img_size=&#8221;full&#8221;][\/vc_column_inner][\/vc_row_inner][vc_row_inner equal_height=&#8221;yes&#8221;][vc_column_inner width=&#8221;1\/2&#8243;][vc_single_image image=&#8221;4205&#8243; img_size=&#8221;full&#8221;][\/vc_column_inner][vc_column_inner width=&#8221;1\/2&#8243;][vc_single_image image=&#8221;4207&#8243; img_size=&#8221;full&#8221;][\/vc_column_inner][\/vc_row_inner][vc_row_inner equal_height=&#8221;yes&#8221;][vc_column_inner width=&#8221;1\/4&#8243;][\/vc_column_inner][vc_column_inner width=&#8221;3\/4&#8243;][vc_single_image image=&#8221;2349&#8243; img_size=&#8221;full&#8221;][\/vc_column_inner][\/vc_row_inner][vc_row_inner equal_height=&#8221;yes&#8221;][vc_column_inner width=&#8221;3\/12&#8243;][vc_single_image image=&#8221;4200&#8243; img_size=&#8221;full&#8221;][\/vc_column_inner][vc_column_inner width=&#8221;7\/12&#8243;][vc_single_image image=&#8221;4199&#8243; img_size=&#8221;full&#8221;][\/vc_column_inner][vc_column_inner width=&#8221;2\/12&#8243;][\/vc_column_inner][\/vc_row_inner][vc_row_inner equal_height=&#8221;yes&#8221;][vc_column_inner width=&#8221;1\/2&#8243;][vc_single_image image=&#8221;4198&#8243; img_size=&#8221;full&#8221;][\/vc_column_inner][vc_column_inner width=&#8221;1\/2&#8243;][vc_single_image image=&#8221;4197&#8243; img_size=&#8221;full&#8221;][\/vc_column_inner][\/vc_row_inner][vc_row_inner equal_height=&#8221;yes&#8221;][vc_column_inner][vc_single_image image=&#8221;4216&#8243; img_size=&#8221;full&#8221;][\/vc_column_inner][\/vc_row_inner][vc_row_inner el_class=&#8221;artigo-bloco-3&#8243;][vc_column_inner][vc_gallery type=&#8221;image_grid&#8221; images=&#8221;4694,4696,4698,4700&#8243; img_size=&#8221;full&#8221;][vc_raw_html]JTNDZGl2JTIwY2xhc3MlM0QlMjJzY3JvbGwtY29udGFpbmVyJTIyJTNFJTBBJTIwJTIwJTNDZGl2JTIwY2xhc3MlM0QlMjJzY3JvbGwtY29udGVudCUyMiUzRSUzQyUyRmRpdiUzRSUwQSUzQyUyRmRpdiUzRSUwQQ==[\/vc_raw_html][\/vc_column_inner][\/vc_row_inner][\/vc_column][\/vc_row][vc_row css_animation=&#8221;fadeInUp&#8221; el_class=&#8221;espaco-proj&#8221;][vc_column][vc_row_inner disable_element=&#8221;yes&#8221;][vc_column_inner][vc_column_text]<\/p>\n<h1>AWARS &#8211; N\u00c3O EDITAVEL<\/h1>\n<p>CARREGA AUTOMATICAMENTE AWARS ASSOCIADOS[\/vc_column_text][\/vc_column_inner][\/vc_row_inner][vc_column_text][\/vc_column_text][\/vc_column][\/vc_row][vc_row css_animation=&#8221;fadeInUp&#8221; el_class=&#8221;espaco-proj&#8221;][vc_column][vc_row_inner disable_element=&#8221;yes&#8221;][vc_column_inner][vc_column_text]<\/p>\n<h1>PUBLICA\u00c7\u00d5ES &#8211; N\u00c3O EDITAVEL<\/h1>\n<p>CARREGA AUTOMATICAMENTE PUBLICA\u00c7\u00d5ES ASSOCIADAS (PRINT AND DIGITAL)[\/vc_column_text][\/vc_column_inner][\/vc_row_inner][vc_column_text][\/vc_column_text][\/vc_column][\/vc_row][vc_row css_animation=&#8221;fadeInUp&#8221; el_class=&#8221;used-materials espaco-proj&#8221;][vc_column][vc_row_inner disable_element=&#8221;yes&#8221;][vc_column_inner][vc_column_text]<\/p>\n<h1>USED MATERIALS &amp; PROJECT CREDITS &#8211; N\u00c3O EDITAVEL<\/h1>\n<p>[\/vc_column_text][\/vc_column_inner][\/vc_row_inner][vc_row_inner el_class=&#8221;digital-type&#8221;][vc_column_inner width=&#8221;1\/2&#8243;][vc_column_text]<\/p>\n<h5>Cr\u00e9ditos do projecto<\/h5>\n<p>[\/vc_column_text][\/vc_column_inner][vc_column_inner width=&#8221;1\/2&#8243;][vc_column_text el_class=&#8221;bloco-texto-credits&#8221;]<\/p>\n<h6>In\u00edcio\/ Fim<\/h6>\n<p>2021\/2024[\/vc_column_text][vc_column_text el_class=&#8221;bloco-texto-credits&#8221;]<\/p>\n<h6>\u00c1rea Bruta<\/h6>\n<p>375 m2[\/vc_column_text][vc_column_text el_class=&#8221;bloco-texto-credits&#8221;]<\/p>\n<h6>Direc\u00e7\u00e3o criativa<\/h6>\n<p>Paulo Martins | Arquitecto[\/vc_column_text][vc_column_text el_class=&#8221;bloco-texto-credits&#8221;]<\/p>\n<h6>Equipa de engenharia<\/h6>\n<p>R5 Engineers[\/vc_column_text][vc_column_text el_class=&#8221;bloco-texto-credits&#8221;]<\/p>\n<h6>Cr\u00e9ditos fotogr\u00e1ficos<\/h6>\n<p>Ivo Tavares Studio[\/vc_column_text][\/vc_column_inner][\/vc_row_inner][vc_row_inner el_class=&#8221;digital-type&#8221;][vc_column_inner width=&#8221;1\/2&#8243;][vc_column_text]<\/p>\n<h5>Informa\u00e7\u00e3o t\u00e9cnica<\/h5>\n<p>[\/vc_column_text][\/vc_column_inner][vc_column_inner width=&#8221;1\/2&#8243;][vc_column_text el_class=&#8221;bloco-texto-credits&#8221;]<\/p>\n<h6>Mobili\u00e1rio Interior<\/h6>\n<p>Sala de estar: Sofactual Vernon \/\/ Hay Rebar (mesa de centro)<\/p>\n<p>Sala de jantar: Sancal Nido (cadeiras) \/\/ Viccarbe Trestle (mesa de jantar)<\/p>\n<p>Escrit\u00f3rio: Vitra Repos &amp; Ottoman \/\/ Vitra Occasional Low Table<\/p>\n<p>Master suite: Moroso Cloudscape[\/vc_column_text][vc_column_text el_class=&#8221;bloco-texto-credits&#8221;]<\/p>\n<h6>Mobili\u00e1rio Exterior<\/h6>\n<p>Varaschin Berger\u00e8 Seat, Plinto (mesa de exterior) \/\/ Gandia Blasco Umbra \/\/ Sachi Spikes[\/vc_column_text][vc_column_text el_class=&#8221;bloco-texto-credits&#8221;]<\/p>\n<h6>Ilumina\u00e7\u00e3o<\/h6>\n<p>Master suite: Santa &amp; Cole TMM \/\/ Brokis Bonbori Small<\/p>\n<p>Escrit\u00f3rio: Flos Tab Table \/\/ Luceplan Counterbalance (de p\u00e9)<\/p>\n<p>Exterior: Faro Barcelona TOC[\/vc_column_text][\/vc_column_inner][\/vc_row_inner][\/vc_column][\/vc_row]<\/p>\n<\/div>","protected":false},"excerpt":{"rendered":"<p>[vc_row css_animation=&#8221;fadeInUp&#8221; el_class=&#8221;espaco-proj&#8221;][vc_column][vc_row_inner disable_element=&#8221;yes&#8221;][vc_column_inner][vc_column_text] Titulo Inicial &#8211; N\u00e3o editavel [\/vc_column_text][\/vc_column_inner][\/vc_row_inner][vc_row_inner el_class=&#8221;bloco-projeto&#8221;][vc_column_inner][vc_column_text] Este projeto \u00e9 uma experi\u00eancia constru\u00edda de espa\u00e7o, luz e sil\u00eancio. A casa adapta-se ao declive com uma intimidade em camadas \u2014 a vida social acima, o ref\u00fagio silencioso abaixo [\/vc_column_text][vc_column_text]Esta resid\u00eancia est\u00e1 situada num terreno inclinado dentro de um campo de golfe, com [&hellip;]<\/p>\n","protected":false},"featured_media":737,"template":"","categoria_projeto":[9,19,20,29,13],"class_list":["post-31754","projeto","type-projeto","status-publish","has-post-thumbnail","hentry","categoria_projeto-house-residential","categoria_projeto-architecture","categoria_projeto-interior-design-decoration","categoria_projeto-completed","categoria_projeto-interior-design"],"yoast_head":"<!-- This site is optimized with the Yoast SEO plugin v27.9 - https:\/\/yoast.com\/product\/yoast-seo-wordpress\/ -->\n<title>ALCOUTINS HOUSE - Paulo Martins Arquitectura<\/title>\n<meta name=\"robots\" content=\"index, follow, max-snippet:-1, max-image-preview:large, max-video-preview:-1\" \/>\n<link rel=\"canonical\" href=\"https:\/\/paulomartins.com.pt\/pt-pt\/project\/alcoutins-house\/\" \/>\n<meta property=\"og:locale\" content=\"pt_PT\" \/>\n<meta property=\"og:type\" content=\"article\" \/>\n<meta property=\"og:title\" content=\"ALCOUTINS HOUSE - Paulo Martins Arquitectura\" \/>\n<meta property=\"og:description\" content=\"[vc_row css_animation=&#8221;fadeInUp&#8221; el_class=&#8221;espaco-proj&#8221;][vc_column][vc_row_inner disable_element=&#8221;yes&#8221;][vc_column_inner][vc_column_text] Titulo Inicial &#8211; N\u00e3o editavel [\/vc_column_text][\/vc_column_inner][\/vc_row_inner][vc_row_inner el_class=&#8221;bloco-projeto&#8221;][vc_column_inner][vc_column_text] Este projeto \u00e9 uma experi\u00eancia constru\u00edda de espa\u00e7o, luz e sil\u00eancio. A casa adapta-se ao declive com uma intimidade em camadas \u2014 a vida social acima, o ref\u00fagio silencioso abaixo [\/vc_column_text][vc_column_text]Esta resid\u00eancia est\u00e1 situada num terreno inclinado dentro de um campo de golfe, com [&hellip;]\" \/>\n<meta property=\"og:url\" content=\"https:\/\/paulomartins.com.pt\/pt-pt\/project\/alcoutins-house\/\" \/>\n<meta property=\"og:site_name\" content=\"Paulo Martins Arquitectura\" \/>\n<meta property=\"article:modified_time\" content=\"2026-07-21T14:36:34+00:00\" \/>\n<meta property=\"og:image\" content=\"https:\/\/paulomartins.com.pt\/wp-content\/uploads\/2025\/10\/Architecture-Design-ALCOUTINS-House-Banner-2.jpg\" \/>\n\t<meta property=\"og:image:width\" content=\"2048\" \/>\n\t<meta property=\"og:image:height\" content=\"1536\" \/>\n\t<meta property=\"og:image:type\" content=\"image\/jpeg\" \/>\n<meta name=\"twitter:card\" content=\"summary_large_image\" \/>\n<meta name=\"twitter:label1\" content=\"Tempo estimado de leitura\" \/>\n\t<meta name=\"twitter:data1\" content=\"3 minutos\" \/>\n<script type=\"application\/ld+json\" class=\"yoast-schema-graph\">{\"@context\":\"https:\\\/\\\/schema.org\",\"@graph\":[{\"@type\":\"WebPage\",\"@id\":\"https:\\\/\\\/paulomartins.com.pt\\\/pt-pt\\\/project\\\/alcoutins-house\\\/\",\"url\":\"https:\\\/\\\/paulomartins.com.pt\\\/pt-pt\\\/project\\\/alcoutins-house\\\/\",\"name\":\"ALCOUTINS HOUSE - Paulo Martins Arquitectura\",\"isPartOf\":{\"@id\":\"https:\\\/\\\/paulomartins.com.pt\\\/#website\"},\"primaryImageOfPage\":{\"@id\":\"https:\\\/\\\/paulomartins.com.pt\\\/pt-pt\\\/project\\\/alcoutins-house\\\/#primaryimage\"},\"image\":{\"@id\":\"https:\\\/\\\/paulomartins.com.pt\\\/pt-pt\\\/project\\\/alcoutins-house\\\/#primaryimage\"},\"thumbnailUrl\":\"https:\\\/\\\/paulomartins.com.pt\\\/wp-content\\\/uploads\\\/2025\\\/10\\\/Architecture-Design-ALCOUTINS-House-Banner-2.jpg\",\"datePublished\":\"2026-05-08T07:39:25+00:00\",\"dateModified\":\"2026-07-21T14:36:34+00:00\",\"breadcrumb\":{\"@id\":\"https:\\\/\\\/paulomartins.com.pt\\\/pt-pt\\\/project\\\/alcoutins-house\\\/#breadcrumb\"},\"inLanguage\":\"pt-PT\",\"potentialAction\":[{\"@type\":\"ReadAction\",\"target\":[\"https:\\\/\\\/paulomartins.com.pt\\\/pt-pt\\\/project\\\/alcoutins-house\\\/\"]}]},{\"@type\":\"ImageObject\",\"inLanguage\":\"pt-PT\",\"@id\":\"https:\\\/\\\/paulomartins.com.pt\\\/pt-pt\\\/project\\\/alcoutins-house\\\/#primaryimage\",\"url\":\"https:\\\/\\\/paulomartins.com.pt\\\/wp-content\\\/uploads\\\/2025\\\/10\\\/Architecture-Design-ALCOUTINS-House-Banner-2.jpg\",\"contentUrl\":\"https:\\\/\\\/paulomartins.com.pt\\\/wp-content\\\/uploads\\\/2025\\\/10\\\/Architecture-Design-ALCOUTINS-House-Banner-2.jpg\",\"width\":2048,\"height\":1536,\"caption\":\"20240427-PAULO-MARTINS-ALCOUTINS\"},{\"@type\":\"BreadcrumbList\",\"@id\":\"https:\\\/\\\/paulomartins.com.pt\\\/pt-pt\\\/project\\\/alcoutins-house\\\/#breadcrumb\",\"itemListElement\":[{\"@type\":\"ListItem\",\"position\":1,\"name\":\"Home\",\"item\":\"https:\\\/\\\/paulomartins.com.pt\\\/pt-pt\\\/\"},{\"@type\":\"ListItem\",\"position\":2,\"name\":\"Projetos\",\"item\":\"https:\\\/\\\/paulomartins.com.pt\\\/projeto\\\/\"},{\"@type\":\"ListItem\",\"position\":3,\"name\":\"ALCOUTINS HOUSE\"}]},{\"@type\":\"WebSite\",\"@id\":\"https:\\\/\\\/paulomartins.com.pt\\\/#website\",\"url\":\"https:\\\/\\\/paulomartins.com.pt\\\/\",\"name\":\"Paulo Martins Arquitectura\",\"description\":\"\",\"publisher\":{\"@id\":\"https:\\\/\\\/paulomartins.com.pt\\\/#organization\"},\"potentialAction\":[{\"@type\":\"SearchAction\",\"target\":{\"@type\":\"EntryPoint\",\"urlTemplate\":\"https:\\\/\\\/paulomartins.com.pt\\\/?s={search_term_string}\"},\"query-input\":{\"@type\":\"PropertyValueSpecification\",\"valueRequired\":true,\"valueName\":\"search_term_string\"}}],\"inLanguage\":\"pt-PT\"},{\"@type\":\"Organization\",\"@id\":\"https:\\\/\\\/paulomartins.com.pt\\\/#organization\",\"name\":\"Paulo Martins Arquitectura\",\"url\":\"https:\\\/\\\/paulomartins.com.pt\\\/\",\"logo\":{\"@type\":\"ImageObject\",\"inLanguage\":\"pt-PT\",\"@id\":\"https:\\\/\\\/paulomartins.com.pt\\\/#\\\/schema\\\/logo\\\/image\\\/\",\"url\":\"https:\\\/\\\/paulomartins.com.pt\\\/wp-content\\\/uploads\\\/2026\\\/04\\\/cropped-cropped-logo-1.png\",\"contentUrl\":\"https:\\\/\\\/paulomartins.com.pt\\\/wp-content\\\/uploads\\\/2026\\\/04\\\/cropped-cropped-logo-1.png\",\"width\":193,\"height\":40,\"caption\":\"Paulo Martins Arquitectura\"},\"image\":{\"@id\":\"https:\\\/\\\/paulomartins.com.pt\\\/#\\\/schema\\\/logo\\\/image\\\/\"}}]}<\/script>\n<!-- \/ Yoast SEO plugin. -->","yoast_head_json":{"title":"ALCOUTINS HOUSE - Paulo Martins Arquitectura","robots":{"index":"index","follow":"follow","max-snippet":"max-snippet:-1","max-image-preview":"max-image-preview:large","max-video-preview":"max-video-preview:-1"},"canonical":"https:\/\/paulomartins.com.pt\/pt-pt\/project\/alcoutins-house\/","og_locale":"pt_PT","og_type":"article","og_title":"ALCOUTINS HOUSE - Paulo Martins Arquitectura","og_description":"[vc_row css_animation=&#8221;fadeInUp&#8221; el_class=&#8221;espaco-proj&#8221;][vc_column][vc_row_inner disable_element=&#8221;yes&#8221;][vc_column_inner][vc_column_text] Titulo Inicial &#8211; N\u00e3o editavel [\/vc_column_text][\/vc_column_inner][\/vc_row_inner][vc_row_inner el_class=&#8221;bloco-projeto&#8221;][vc_column_inner][vc_column_text] Este projeto \u00e9 uma experi\u00eancia constru\u00edda de espa\u00e7o, luz e sil\u00eancio. A casa adapta-se ao declive com uma intimidade em camadas \u2014 a vida social acima, o ref\u00fagio silencioso abaixo [\/vc_column_text][vc_column_text]Esta resid\u00eancia est\u00e1 situada num terreno inclinado dentro de um campo de golfe, com [&hellip;]","og_url":"https:\/\/paulomartins.com.pt\/pt-pt\/project\/alcoutins-house\/","og_site_name":"Paulo Martins Arquitectura","article_modified_time":"2026-07-21T14:36:34+00:00","og_image":[{"width":2048,"height":1536,"url":"https:\/\/paulomartins.com.pt\/wp-content\/uploads\/2025\/10\/Architecture-Design-ALCOUTINS-House-Banner-2.jpg","type":"image\/jpeg"}],"twitter_card":"summary_large_image","twitter_misc":{"Tempo estimado de leitura":"3 minutos"},"schema":{"@context":"https:\/\/schema.org","@graph":[{"@type":"WebPage","@id":"https:\/\/paulomartins.com.pt\/pt-pt\/project\/alcoutins-house\/","url":"https:\/\/paulomartins.com.pt\/pt-pt\/project\/alcoutins-house\/","name":"ALCOUTINS HOUSE - Paulo Martins Arquitectura","isPartOf":{"@id":"https:\/\/paulomartins.com.pt\/#website"},"primaryImageOfPage":{"@id":"https:\/\/paulomartins.com.pt\/pt-pt\/project\/alcoutins-house\/#primaryimage"},"image":{"@id":"https:\/\/paulomartins.com.pt\/pt-pt\/project\/alcoutins-house\/#primaryimage"},"thumbnailUrl":"https:\/\/paulomartins.com.pt\/wp-content\/uploads\/2025\/10\/Architecture-Design-ALCOUTINS-House-Banner-2.jpg","datePublished":"2026-05-08T07:39:25+00:00","dateModified":"2026-07-21T14:36:34+00:00","breadcrumb":{"@id":"https:\/\/paulomartins.com.pt\/pt-pt\/project\/alcoutins-house\/#breadcrumb"},"inLanguage":"pt-PT","potentialAction":[{"@type":"ReadAction","target":["https:\/\/paulomartins.com.pt\/pt-pt\/project\/alcoutins-house\/"]}]},{"@type":"ImageObject","inLanguage":"pt-PT","@id":"https:\/\/paulomartins.com.pt\/pt-pt\/project\/alcoutins-house\/#primaryimage","url":"https:\/\/paulomartins.com.pt\/wp-content\/uploads\/2025\/10\/Architecture-Design-ALCOUTINS-House-Banner-2.jpg","contentUrl":"https:\/\/paulomartins.com.pt\/wp-content\/uploads\/2025\/10\/Architecture-Design-ALCOUTINS-House-Banner-2.jpg","width":2048,"height":1536,"caption":"20240427-PAULO-MARTINS-ALCOUTINS"},{"@type":"BreadcrumbList","@id":"https:\/\/paulomartins.com.pt\/pt-pt\/project\/alcoutins-house\/#breadcrumb","itemListElement":[{"@type":"ListItem","position":1,"name":"Home","item":"https:\/\/paulomartins.com.pt\/pt-pt\/"},{"@type":"ListItem","position":2,"name":"Projetos","item":"https:\/\/paulomartins.com.pt\/projeto\/"},{"@type":"ListItem","position":3,"name":"ALCOUTINS HOUSE"}]},{"@type":"WebSite","@id":"https:\/\/paulomartins.com.pt\/#website","url":"https:\/\/paulomartins.com.pt\/","name":"Paulo Martins Arquitectura","description":"","publisher":{"@id":"https:\/\/paulomartins.com.pt\/#organization"},"potentialAction":[{"@type":"SearchAction","target":{"@type":"EntryPoint","urlTemplate":"https:\/\/paulomartins.com.pt\/?s={search_term_string}"},"query-input":{"@type":"PropertyValueSpecification","valueRequired":true,"valueName":"search_term_string"}}],"inLanguage":"pt-PT"},{"@type":"Organization","@id":"https:\/\/paulomartins.com.pt\/#organization","name":"Paulo Martins Arquitectura","url":"https:\/\/paulomartins.com.pt\/","logo":{"@type":"ImageObject","inLanguage":"pt-PT","@id":"https:\/\/paulomartins.com.pt\/#\/schema\/logo\/image\/","url":"https:\/\/paulomartins.com.pt\/wp-content\/uploads\/2026\/04\/cropped-cropped-logo-1.png","contentUrl":"https:\/\/paulomartins.com.pt\/wp-content\/uploads\/2026\/04\/cropped-cropped-logo-1.png","width":193,"height":40,"caption":"Paulo Martins Arquitectura"},"image":{"@id":"https:\/\/paulomartins.com.pt\/#\/schema\/logo\/image\/"}}]}},"_links":{"self":[{"href":"https:\/\/paulomartins.com.pt\/pt-pt\/wp-json\/wp\/v2\/projeto\/31754","targetHints":{"allow":["GET"]}}],"collection":[{"href":"https:\/\/paulomartins.com.pt\/pt-pt\/wp-json\/wp\/v2\/projeto"}],"about":[{"href":"https:\/\/paulomartins.com.pt\/pt-pt\/wp-json\/wp\/v2\/types\/projeto"}],"wp:featuredmedia":[{"embeddable":true,"href":"https:\/\/paulomartins.com.pt\/pt-pt\/wp-json\/wp\/v2\/media\/737"}],"wp:attachment":[{"href":"https:\/\/paulomartins.com.pt\/pt-pt\/wp-json\/wp\/v2\/media?parent=31754"}],"wp:term":[{"taxonomy":"categoria_projeto","embeddable":true,"href":"https:\/\/paulomartins.com.pt\/pt-pt\/wp-json\/wp\/v2\/categoria_projeto?post=31754"}],"curies":[{"name":"wp","href":"https:\/\/api.w.org\/{rel}","templated":true}]}}