{"id":31732,"date":"2026-05-06T14:02:22","date_gmt":"2026-05-06T14:02:22","guid":{"rendered":"https:\/\/paulomartins.com.pt\/projeto\/villa-arenza\/"},"modified":"2026-07-20T16:38:08","modified_gmt":"2026-07-20T16:38:08","slug":"villa-arenza","status":"publish","type":"projeto","link":"https:\/\/paulomartins.com.pt\/pt-pt\/project\/villa-arenza\/","title":{"rendered":"VILLA ARENZA"},"content":{"rendered":"<div class=\"wpb-content-wrapper\"><p>[vc_row css_animation=&#8221;fadeInUp&#8221; el_class=&#8221;espaco-proj&#8221;][vc_column][vc_row_inner disable_element=&#8221;yes&#8221;][vc_column_inner][vc_column_text]<\/p>\n<h1>Titulo Inicial &#8211; N\u00e3o editavel<\/h1>\n<p>[\/vc_column_text][\/vc_column_inner][\/vc_row_inner][vc_row_inner el_class=&#8221;bloco-projeto&#8221;][vc_column_inner][vc_column_text]<\/p>\n<h5>A Villa Arenza nasce da procura de uma <strong>arquitetura de perman\u00eancia<\/strong><\/h5>\n<p>[\/vc_column_text][vc_column_text]Num contexto cada vez mais dominado pelo excesso de est\u00edmulos, o projeto adota uma abordagem mais intemporal, assente na propor\u00e7\u00e3o, na materialidade e no cuidado com que o espa\u00e7o \u00e9 concebido. A composi\u00e7\u00e3o desenvolve-se atrav\u00e9s de volumes depurados e de uma linguagem arquitect\u00f3nica contida, onde cada elemento \u00e9 pensado para refor\u00e7ar a coer\u00eancia do conjunto.[\/vc_column_text][\/vc_column_inner][\/vc_row_inner][\/vc_column][\/vc_row][vc_row css_animation=&#8221;fadeInUp&#8221; disable_element=&#8221;yes&#8221; el_class=&#8221;bloco-important espaco-proj real-estate&#8221;][vc_column][vc_row_inner disable_element=&#8221;yes&#8221;][vc_column_inner][vc_column_text]<\/p>\n<h1>Real Estate &#8211; N\u00e3o editavel<\/h1>\n<p>[\/vc_column_text][\/vc_column_inner][\/vc_row_inner][vc_row_inner][vc_column_inner][vc_column_text]<\/p>\n<h5>real estate development<\/h5>\n<p>[\/vc_column_text][\/vc_column_inner][\/vc_row_inner][vc_row_inner][vc_column_inner el_class=&#8221;bloco-coluna&#8221; width=&#8221;1\/4&#8243;][vc_single_image image=&#8221;470&#8243; img_size=&#8221;full&#8221;][vc_column_text]<\/p>\n<h6>Construction Area<\/h6>\n<p>80.000m2[\/vc_column_text][\/vc_column_inner][vc_column_inner el_class=&#8221;bloco-coluna&#8221; width=&#8221;1\/4&#8243;][vc_single_image image=&#8221;471&#8243; img_size=&#8221;full&#8221;][vc_column_text]<\/p>\n<h6>Gardens<\/h6>\n<p>20.000m2[\/vc_column_text][\/vc_column_inner][vc_column_inner el_class=&#8221;bloco-coluna&#8221; width=&#8221;1\/4&#8243;][vc_single_image image=&#8221;472&#8243; img_size=&#8221;full&#8221;][vc_column_text]<\/p>\n<h6>Office Buildings<\/h6>\n<p>4[\/vc_column_text][\/vc_column_inner][vc_column_inner el_class=&#8221;bloco-coluna&#8221; width=&#8221;1\/4&#8243;][vc_single_image image=&#8221;474&#8243; img_size=&#8221;full&#8221;][vc_column_text]<\/p>\n<h6>Apartment Buildings<\/h6>\n<p>3[\/vc_column_text][\/vc_column_inner][\/vc_row_inner][vc_row_inner][vc_column_inner el_class=&#8221;bloco-coluna&#8221; width=&#8221;1\/4&#8243;][vc_single_image image=&#8221;477&#8243; img_size=&#8221;full&#8221;][vc_column_text]<\/p>\n<h6>Energy certification<\/h6>\n<p>A e LEED Gold[\/vc_column_text][\/vc_column_inner][vc_column_inner el_class=&#8221;bloco-coluna&#8221; width=&#8221;1\/4&#8243;][vc_single_image image=&#8221;475&#8243; img_size=&#8221;full&#8221;][vc_column_text]<\/p>\n<h6>Apartments<\/h6>\n<p>245[\/vc_column_text][\/vc_column_inner][vc_column_inner el_class=&#8221;bloco-coluna&#8221; width=&#8221;1\/4&#8243;][vc_single_image image=&#8221;476&#8243; img_size=&#8221;full&#8221;][vc_column_text]Exclusive Condominiums[\/vc_column_text][\/vc_column_inner][vc_column_inner el_class=&#8221;bloco-coluna&#8221; width=&#8221;1\/4&#8243;][vc_single_image image=&#8221;478&#8243; img_size=&#8221;full&#8221;][vc_column_text]<\/p>\n<h6>In all buildings<\/h6>\n<p>Rooftop[\/vc_column_text][\/vc_column_inner][\/vc_row_inner][vc_row_inner][vc_column_inner el_class=&#8221;bloco-coluna&#8221; width=&#8221;1\/4&#8243;][vc_single_image image=&#8221;483&#8243; img_size=&#8221;full&#8221;][vc_column_text]<\/p>\n<h6>Parking spaces<\/h6>\n<p>2.424[\/vc_column_text][\/vc_column_inner][vc_column_inner el_class=&#8221;bloco-coluna&#8221; width=&#8221;1\/4&#8243;][vc_single_image image=&#8221;481&#8243; img_size=&#8221;full&#8221;][vc_column_text]<\/p>\n<h6>Swimming pools<\/h6>\n<p>3[\/vc_column_text][\/vc_column_inner][vc_column_inner el_class=&#8221;bloco-coluna&#8221; width=&#8221;1\/4&#8243;][vc_single_image image=&#8221;480&#8243; img_size=&#8221;full&#8221;][vc_column_text]<\/p>\n<h6>Supermarket<\/h6>\n<p>1[\/vc_column_text][\/vc_column_inner][vc_column_inner el_class=&#8221;bloco-coluna&#8221; width=&#8221;1\/4&#8243;][vc_single_image image=&#8221;479&#8243; img_size=&#8221;full&#8221;][vc_column_text]<\/p>\n<h6>Stores<\/h6>\n<p>17[\/vc_column_text][\/vc_column_inner][\/vc_row_inner][vc_row_inner][vc_column_inner el_class=&#8221;bloco-coluna&#8221; width=&#8221;1\/4&#8243;][vc_single_image image=&#8221;484&#8243; img_size=&#8221;full&#8221;][vc_column_text]<\/p>\n<h6>Restaurants<\/h6>\n<p>15[\/vc_column_text][\/vc_column_inner][vc_column_inner el_class=&#8221;bloco-coluna&#8221; width=&#8221;1\/4&#8243;][vc_single_image image=&#8221;485&#8243; img_size=&#8221;full&#8221;][vc_column_text]<\/p>\n<h6>Food kiosks<\/h6>\n<p>7[\/vc_column_text][\/vc_column_inner][vc_column_inner el_class=&#8221;bloco-coluna&#8221; width=&#8221;1\/4&#8243;][\/vc_column_inner][vc_column_inner el_class=&#8221;bloco-coluna&#8221; width=&#8221;1\/4&#8243;][\/vc_column_inner][\/vc_row_inner][vc_row_inner el_class=&#8221;bloco-important-2&#8243;][vc_column_inner][vc_single_image img_size=&#8221;full&#8221;][\/vc_column_inner][\/vc_row_inner][vc_row_inner][vc_column_inner][vc_column_text][\/vc_column_text][\/vc_column_inner][\/vc_row_inner][vc_row_inner el_class=&#8221;a-call&#8221;][vc_column_inner][vc_btn title=&#8221;download brochure&#8221; el_class=&#8221;load-more&#8221; link=&#8221;url:%2Fwp-content%2Fuploads%2F2025%2F07%2FBackground.svg|target:_blank&#8221;][vc_column_text el_class=&#8221;a-call-2&#8243;]For information about availability,<br \/>\nplease contact the sales department.[\/vc_column_text][\/vc_column_inner][\/vc_row_inner][vc_row_inner el_class=&#8221;a-call-3&#8243;][vc_column_inner width=&#8221;1\/2&#8243;][vc_column_text]<\/p>\n<h6>E-MAIL US<\/h6>\n<p><a href=\"mailto:geral@paulomartins.com.pt\">geral@paulomartins.com.pt<\/a>[\/vc_column_text][\/vc_column_inner][vc_column_inner width=&#8221;1\/2&#8243;][vc_column_text]<\/p>\n<h6>CALL US<\/h6>\n<p><a href=\"tel:+351234135831\">(+351) 234 135 831<\/a>[\/vc_column_text][\/vc_column_inner][\/vc_row_inner][\/vc_column][\/vc_row][vc_row css_animation=&#8221;fadeInUp&#8221; el_class=&#8221;espaco-proj grid-architecture&#8221;][vc_column][vc_row_inner disable_element=&#8221;yes&#8221;][vc_column_inner][vc_column_text]<\/p>\n<h1>Architecture &#8211; N\u00e3o editavel<\/h1>\n<p>[\/vc_column_text][\/vc_column_inner][\/vc_row_inner][vc_row_inner el_class=&#8221;grid-architecture-bloco1&#8243;][vc_column_inner][vc_column_text]<\/p>\n<h5>Arquitectura<\/h5>\n<p>A paleta de materiais privilegia superf\u00edcies naturais e tons quentes, que envelhecem com eleg\u00e2ncia e adquirem car\u00e1ter ao longo do tempo. Em vez de recorrer a contrastes marcados, o projeto constr\u00f3i-se atrav\u00e9s de subtis varia\u00e7\u00f5es de textura, profundidade e luz, conferindo riqueza e complexidade \u00e0 experi\u00eancia espacial.[\/vc_column_text][vc_single_image image=&#8221;4066&#8243; img_size=&#8221;full&#8221; el_class=&#8221;grid-total-proj&#8221;][\/vc_column_inner][\/vc_row_inner][vc_row_inner][vc_column_inner width=&#8221;1\/2&#8243;][\/vc_column_inner][vc_column_inner width=&#8221;1\/2&#8243;][vc_single_image image=&#8221;4072&#8243; img_size=&#8221;full&#8221;][\/vc_column_inner][\/vc_row_inner][vc_row_inner][vc_column_inner width=&#8221;2\/3&#8243;][vc_single_image image=&#8221;4068&#8243; img_size=&#8221;full&#8221;][\/vc_column_inner][vc_column_inner width=&#8221;1\/3&#8243;][\/vc_column_inner][\/vc_row_inner][vc_row_inner][vc_column_inner width=&#8221;1\/2&#8243;][vc_single_image image=&#8221;4082&#8243; img_size=&#8221;full&#8221;][\/vc_column_inner][vc_column_inner width=&#8221;1\/2&#8243;][vc_single_image image=&#8221;4080&#8243; img_size=&#8221;full&#8221;][vc_column_text]Os interiores foram concebidos para promover o conforto, a serenidade e uma liga\u00e7\u00e3o sensorial \u00e0 materialidade. A luz natural percorre os espa\u00e7os ao longo do dia, transformando a perce\u00e7\u00e3o dos materiais e revelando diferentes camadas de express\u00e3o arquitect\u00f3nica.[\/vc_column_text][\/vc_column_inner][\/vc_row_inner][vc_row_inner equal_height=&#8221;yes&#8221;][vc_column_inner][vc_single_image image=&#8221;4078&#8243; img_size=&#8221;full&#8221;][\/vc_column_inner][\/vc_row_inner][vc_row_inner equal_height=&#8221;yes&#8221;][vc_column_inner width=&#8221;2\/3&#8243;][\/vc_column_inner][vc_column_inner width=&#8221;1\/3&#8243;][vc_single_image image=&#8221;4074&#8243; img_size=&#8221;full&#8221;][\/vc_column_inner][\/vc_row_inner][vc_row_inner equal_height=&#8221;yes&#8221;][vc_column_inner width=&#8221;2\/3&#8243;][vc_single_image image=&#8221;4084&#8243; img_size=&#8221;full&#8221;][\/vc_column_inner][vc_column_inner width=&#8221;1\/3&#8243;][vc_column_text]Mais do que responder a uma tend\u00eancia ou corrente estil\u00edstica espec\u00edfica, a Villa Arenza procura criar um verdadeiro sentido de perten\u00e7a. Uma casa concebida para permanecer relevante, habit\u00e1vel e intemporal muito para al\u00e9m do momento em que foi idealizada.[\/vc_column_text][\/vc_column_inner][\/vc_row_inner][vc_row_inner equal_height=&#8221;yes&#8221;][vc_column_inner width=&#8221;1\/2&#8243;][vc_single_image image=&#8221;4087&#8243; img_size=&#8221;full&#8221;][\/vc_column_inner][vc_column_inner width=&#8221;1\/2&#8243;][vc_single_image image=&#8221;4089&#8243; img_size=&#8221;full&#8221;][\/vc_column_inner][\/vc_row_inner][vc_row_inner equal_height=&#8221;yes&#8221;][vc_column_inner width=&#8221;2\/12&#8243;][\/vc_column_inner][vc_column_inner width=&#8221;3\/12&#8243;][\/vc_column_inner][vc_column_inner width=&#8221;7\/12&#8243;][vc_single_image image=&#8221;4095&#8243; img_size=&#8221;full&#8221;][\/vc_column_inner][\/vc_row_inner][vc_row_inner equal_height=&#8221;yes&#8221;][vc_column_inner][vc_single_image image=&#8221;4076&#8243; img_size=&#8221;full&#8221;][\/vc_column_inner][\/vc_row_inner][vc_row_inner equal_height=&#8221;yes&#8221;][vc_column_inner width=&#8221;1\/3&#8243;][vc_single_image image=&#8221;4062&#8243; img_size=&#8221;full&#8221;][vc_column_text][\/vc_column_text][\/vc_column_inner][vc_column_inner width=&#8221;2\/3&#8243;][\/vc_column_inner][\/vc_row_inner][vc_row_inner equal_height=&#8221;yes&#8221;][vc_column_inner width=&#8221;1\/3&#8243;][vc_column_text][\/vc_column_text][\/vc_column_inner][vc_column_inner width=&#8221;2\/3&#8243;][vc_single_image image=&#8221;4101&#8243; img_size=&#8221;full&#8221;][\/vc_column_inner][\/vc_row_inner][vc_row_inner equal_height=&#8221;yes&#8221;][vc_column_inner width=&#8221;2\/3&#8243;][vc_single_image image=&#8221;4103&#8243; img_size=&#8221;full&#8221;][\/vc_column_inner][vc_column_inner width=&#8221;1\/3&#8243;][\/vc_column_inner][\/vc_row_inner][vc_row_inner equal_height=&#8221;yes&#8221;][vc_column_inner width=&#8221;1\/4&#8243;][\/vc_column_inner][vc_column_inner width=&#8221;3\/4&#8243;][vc_single_image image=&#8221;4109&#8243; img_size=&#8221;full&#8221;][\/vc_column_inner][\/vc_row_inner][vc_row_inner equal_height=&#8221;yes&#8221;][vc_column_inner width=&#8221;2\/5&#8243;][vc_single_image image=&#8221;4099&#8243; img_size=&#8221;full&#8221;][\/vc_column_inner][vc_column_inner width=&#8221;3\/5&#8243;][vc_single_image image=&#8221;4105&#8243; img_size=&#8221;full&#8221;][\/vc_column_inner][\/vc_row_inner][vc_row_inner equal_height=&#8221;yes&#8221;][vc_column_inner width=&#8221;1\/4&#8243;][\/vc_column_inner][vc_column_inner width=&#8221;3\/4&#8243;][vc_single_image image=&#8221;32120&#8243; img_size=&#8221;full&#8221;][\/vc_column_inner][\/vc_row_inner][vc_row_inner equal_height=&#8221;yes&#8221;][vc_column_inner][vc_single_image image=&#8221;4064&#8243; img_size=&#8221;full&#8221;][\/vc_column_inner][\/vc_row_inner][\/vc_column][\/vc_row][vc_row css_animation=&#8221;fadeInUp&#8221; el_class=&#8221;espaco-proj&#8221;][vc_column][vc_row_inner disable_element=&#8221;yes&#8221;][vc_column_inner][vc_column_text]<\/p>\n<h1>AWARS &#8211; N\u00c3O EDITAVEL<\/h1>\n<p>CARREGA AUTOMATICAMENTE AWARS ASSOCIADOS[\/vc_column_text][\/vc_column_inner][\/vc_row_inner][vc_column_text][\/vc_column_text][\/vc_column][\/vc_row][vc_row css_animation=&#8221;fadeInUp&#8221; el_class=&#8221;espaco-proj&#8221;][vc_column][vc_row_inner disable_element=&#8221;yes&#8221;][vc_column_inner][vc_column_text]<\/p>\n<h1>PUBLICA\u00c7\u00d5ES &#8211; N\u00c3O EDITAVEL<\/h1>\n<p>CARREGA AUTOMATICAMENTE PUBLICA\u00c7\u00d5ES ASSOCIADAS (PRINT AND DIGITAL)[\/vc_column_text][\/vc_column_inner][\/vc_row_inner][vc_column_text][\/vc_column_text][\/vc_column][\/vc_row][vc_row css_animation=&#8221;fadeInUp&#8221; el_class=&#8221;used-materials espaco-proj&#8221;][vc_column][vc_row_inner disable_element=&#8221;yes&#8221;][vc_column_inner][vc_column_text]<\/p>\n<h1>USED MATERIALS &amp; PROJECT CREDITS &#8211; N\u00c3O EDITAVEL<\/h1>\n<p>[\/vc_column_text][\/vc_column_inner][\/vc_row_inner][vc_row_inner disable_element=&#8221;yes&#8221; el_class=&#8221;digital-type&#8221;][vc_column_inner width=&#8221;1\/2&#8243;][vc_column_text]<\/p>\n<h5>Used Materials<\/h5>\n<p>[\/vc_column_text][\/vc_column_inner][vc_column_inner width=&#8221;1\/2&#8243;][vc_column_text el_class=&#8221;bloco-texto-credits&#8221;]<\/p>\n<h6>walls<\/h6>\n<p>plasterboard,<\/p>\n<p>microcement[\/vc_column_text][vc_column_text el_class=&#8221;bloco-texto-credits&#8221;]<\/p>\n<h6>ceiling<\/h6>\n<p>woodwool[\/vc_column_text][vc_column_text el_class=&#8221;bloco-texto-credits&#8221;]<\/p>\n<h6>flooring<\/h6>\n<p>microcement[\/vc_column_text][vc_column_text el_class=&#8221;bloco-texto-credits&#8221;]<\/p>\n<h6>furniture<\/h6>\n<p>oak wood[\/vc_column_text][\/vc_column_inner][\/vc_row_inner][vc_row_inner el_class=&#8221;digital-type&#8221;][vc_column_inner width=&#8221;1\/2&#8243;][vc_column_text]<\/p>\n<h5>Cr\u00e9ditos do Projeto<\/h5>\n<p>[\/vc_column_text][\/vc_column_inner][vc_column_inner width=&#8221;1\/2&#8243;][vc_column_text el_class=&#8221;bloco-texto-credits&#8221;]<\/p>\n<h6>In\u00edcio \/ Fim<\/h6>\n<p>2026 \/-[\/vc_column_text][vc_column_text el_class=&#8221;bloco-texto-credits&#8221;]<\/p>\n<h6>\u00c1rea Bruta<\/h6>\n<p>400 m2[\/vc_column_text][vc_column_text el_class=&#8221;bloco-texto-credits&#8221;]<\/p>\n<h6>Direc\u00e7\u00e3o criativa<\/h6>\n<p>Paulo Martins | Arquitecto[\/vc_column_text][vc_column_text el_class=&#8221;bloco-texto-credits&#8221;]<\/p>\n<h6>Colaboradores<\/h6>\n<p>ruben ferreira | Arquitecto<\/p>\n<p>miriam sanchez | Arquitecta<\/p>\n<p>busra oner | cgi[\/vc_column_text][\/vc_column_inner][\/vc_row_inner][\/vc_column][\/vc_row]<\/p>\n<\/div>","protected":false},"excerpt":{"rendered":"<p>[vc_row css_animation=&#8221;fadeInUp&#8221; el_class=&#8221;espaco-proj&#8221;][vc_column][vc_row_inner disable_element=&#8221;yes&#8221;][vc_column_inner][vc_column_text] Titulo Inicial &#8211; N\u00e3o editavel [\/vc_column_text][\/vc_column_inner][\/vc_row_inner][vc_row_inner el_class=&#8221;bloco-projeto&#8221;][vc_column_inner][vc_column_text] A Villa Arenza nasce da procura de uma arquitetura de perman\u00eancia [\/vc_column_text][vc_column_text]Num contexto cada vez mais dominado pelo excesso de est\u00edmulos, o projeto adota uma abordagem mais intemporal, assente na propor\u00e7\u00e3o, na materialidade e no cuidado com que o espa\u00e7o \u00e9 concebido. A composi\u00e7\u00e3o [&hellip;]<\/p>\n","protected":false},"featured_media":4063,"template":"","categoria_projeto":[9,22,19,31,21],"class_list":["post-31732","projeto","type-projeto","status-publish","has-post-thumbnail","hentry","categoria_projeto-house-residential","categoria_projeto-real-estate","categoria_projeto-architecture","categoria_projeto-in-project","categoria_projeto-engineering-construction"],"yoast_head":"<!-- This site is optimized with the Yoast SEO plugin v27.9 - https:\/\/yoast.com\/product\/yoast-seo-wordpress\/ -->\n<title>VILLA ARENZA - Paulo Martins Arquitectura<\/title>\n<meta name=\"robots\" content=\"index, follow, max-snippet:-1, max-image-preview:large, max-video-preview:-1\" \/>\n<link rel=\"canonical\" href=\"https:\/\/paulomartins.com.pt\/pt-pt\/project\/villa-arenza\/\" \/>\n<meta property=\"og:locale\" content=\"pt_PT\" \/>\n<meta property=\"og:type\" content=\"article\" \/>\n<meta property=\"og:title\" content=\"VILLA ARENZA - Paulo Martins Arquitectura\" \/>\n<meta property=\"og:description\" content=\"[vc_row css_animation=&#8221;fadeInUp&#8221; el_class=&#8221;espaco-proj&#8221;][vc_column][vc_row_inner disable_element=&#8221;yes&#8221;][vc_column_inner][vc_column_text] Titulo Inicial &#8211; N\u00e3o editavel [\/vc_column_text][\/vc_column_inner][\/vc_row_inner][vc_row_inner el_class=&#8221;bloco-projeto&#8221;][vc_column_inner][vc_column_text] A Villa Arenza nasce da procura de uma arquitetura de perman\u00eancia [\/vc_column_text][vc_column_text]Num contexto cada vez mais dominado pelo excesso de est\u00edmulos, o projeto adota uma abordagem mais intemporal, assente na propor\u00e7\u00e3o, na materialidade e no cuidado com que o espa\u00e7o \u00e9 concebido. A composi\u00e7\u00e3o [&hellip;]\" \/>\n<meta property=\"og:url\" content=\"https:\/\/paulomartins.com.pt\/pt-pt\/project\/villa-arenza\/\" \/>\n<meta property=\"og:site_name\" content=\"Paulo Martins Arquitectura\" \/>\n<meta property=\"article:modified_time\" content=\"2026-07-20T16:38:08+00:00\" \/>\n<meta property=\"og:image\" content=\"https:\/\/paulomartins.com.pt\/wp-content\/uploads\/2026\/05\/PAULO_MARTINS_ARQUITECTURA_GAFANHA_HOUSE_II_PISCINA_1-scaled.webp\" \/>\n\t<meta property=\"og:image:width\" content=\"2560\" \/>\n\t<meta property=\"og:image:height\" content=\"1440\" \/>\n\t<meta property=\"og:image:type\" content=\"image\/webp\" \/>\n<meta name=\"twitter:card\" content=\"summary_large_image\" \/>\n<meta name=\"twitter:label1\" content=\"Tempo estimado de leitura\" \/>\n\t<meta name=\"twitter:data1\" content=\"3 minutos\" \/>\n<script type=\"application\/ld+json\" class=\"yoast-schema-graph\">{\"@context\":\"https:\\\/\\\/schema.org\",\"@graph\":[{\"@type\":\"WebPage\",\"@id\":\"https:\\\/\\\/paulomartins.com.pt\\\/pt-pt\\\/project\\\/villa-arenza\\\/\",\"url\":\"https:\\\/\\\/paulomartins.com.pt\\\/pt-pt\\\/project\\\/villa-arenza\\\/\",\"name\":\"VILLA ARENZA - Paulo Martins Arquitectura\",\"isPartOf\":{\"@id\":\"https:\\\/\\\/paulomartins.com.pt\\\/#website\"},\"primaryImageOfPage\":{\"@id\":\"https:\\\/\\\/paulomartins.com.pt\\\/pt-pt\\\/project\\\/villa-arenza\\\/#primaryimage\"},\"image\":{\"@id\":\"https:\\\/\\\/paulomartins.com.pt\\\/pt-pt\\\/project\\\/villa-arenza\\\/#primaryimage\"},\"thumbnailUrl\":\"https:\\\/\\\/paulomartins.com.pt\\\/wp-content\\\/uploads\\\/2026\\\/05\\\/PAULO_MARTINS_ARQUITECTURA_GAFANHA_HOUSE_II_PISCINA_1-scaled.webp\",\"datePublished\":\"2026-05-06T14:02:22+00:00\",\"dateModified\":\"2026-07-20T16:38:08+00:00\",\"breadcrumb\":{\"@id\":\"https:\\\/\\\/paulomartins.com.pt\\\/pt-pt\\\/project\\\/villa-arenza\\\/#breadcrumb\"},\"inLanguage\":\"pt-PT\",\"potentialAction\":[{\"@type\":\"ReadAction\",\"target\":[\"https:\\\/\\\/paulomartins.com.pt\\\/pt-pt\\\/project\\\/villa-arenza\\\/\"]}]},{\"@type\":\"ImageObject\",\"inLanguage\":\"pt-PT\",\"@id\":\"https:\\\/\\\/paulomartins.com.pt\\\/pt-pt\\\/project\\\/villa-arenza\\\/#primaryimage\",\"url\":\"https:\\\/\\\/paulomartins.com.pt\\\/wp-content\\\/uploads\\\/2026\\\/05\\\/PAULO_MARTINS_ARQUITECTURA_GAFANHA_HOUSE_II_PISCINA_1-scaled.webp\",\"contentUrl\":\"https:\\\/\\\/paulomartins.com.pt\\\/wp-content\\\/uploads\\\/2026\\\/05\\\/PAULO_MARTINS_ARQUITECTURA_GAFANHA_HOUSE_II_PISCINA_1-scaled.webp\",\"width\":2560,\"height\":1440,\"caption\":\"Moradia Gafanha II, na Gafanha Arquitetura Paulo Martins Arquitecto\"},{\"@type\":\"BreadcrumbList\",\"@id\":\"https:\\\/\\\/paulomartins.com.pt\\\/pt-pt\\\/project\\\/villa-arenza\\\/#breadcrumb\",\"itemListElement\":[{\"@type\":\"ListItem\",\"position\":1,\"name\":\"Home\",\"item\":\"https:\\\/\\\/paulomartins.com.pt\\\/pt-pt\\\/\"},{\"@type\":\"ListItem\",\"position\":2,\"name\":\"Projetos\",\"item\":\"https:\\\/\\\/paulomartins.com.pt\\\/projeto\\\/\"},{\"@type\":\"ListItem\",\"position\":3,\"name\":\"VILLA ARENZA\"}]},{\"@type\":\"WebSite\",\"@id\":\"https:\\\/\\\/paulomartins.com.pt\\\/#website\",\"url\":\"https:\\\/\\\/paulomartins.com.pt\\\/\",\"name\":\"Paulo Martins Arquitectura\",\"description\":\"\",\"publisher\":{\"@id\":\"https:\\\/\\\/paulomartins.com.pt\\\/#organization\"},\"potentialAction\":[{\"@type\":\"SearchAction\",\"target\":{\"@type\":\"EntryPoint\",\"urlTemplate\":\"https:\\\/\\\/paulomartins.com.pt\\\/?s={search_term_string}\"},\"query-input\":{\"@type\":\"PropertyValueSpecification\",\"valueRequired\":true,\"valueName\":\"search_term_string\"}}],\"inLanguage\":\"pt-PT\"},{\"@type\":\"Organization\",\"@id\":\"https:\\\/\\\/paulomartins.com.pt\\\/#organization\",\"name\":\"Paulo Martins Arquitectura\",\"url\":\"https:\\\/\\\/paulomartins.com.pt\\\/\",\"logo\":{\"@type\":\"ImageObject\",\"inLanguage\":\"pt-PT\",\"@id\":\"https:\\\/\\\/paulomartins.com.pt\\\/#\\\/schema\\\/logo\\\/image\\\/\",\"url\":\"https:\\\/\\\/paulomartins.com.pt\\\/wp-content\\\/uploads\\\/2026\\\/04\\\/cropped-cropped-logo-1.png\",\"contentUrl\":\"https:\\\/\\\/paulomartins.com.pt\\\/wp-content\\\/uploads\\\/2026\\\/04\\\/cropped-cropped-logo-1.png\",\"width\":193,\"height\":40,\"caption\":\"Paulo Martins Arquitectura\"},\"image\":{\"@id\":\"https:\\\/\\\/paulomartins.com.pt\\\/#\\\/schema\\\/logo\\\/image\\\/\"}}]}<\/script>\n<!-- \/ Yoast SEO plugin. -->","yoast_head_json":{"title":"VILLA ARENZA - Paulo Martins Arquitectura","robots":{"index":"index","follow":"follow","max-snippet":"max-snippet:-1","max-image-preview":"max-image-preview:large","max-video-preview":"max-video-preview:-1"},"canonical":"https:\/\/paulomartins.com.pt\/pt-pt\/project\/villa-arenza\/","og_locale":"pt_PT","og_type":"article","og_title":"VILLA ARENZA - Paulo Martins Arquitectura","og_description":"[vc_row css_animation=&#8221;fadeInUp&#8221; el_class=&#8221;espaco-proj&#8221;][vc_column][vc_row_inner disable_element=&#8221;yes&#8221;][vc_column_inner][vc_column_text] Titulo Inicial &#8211; N\u00e3o editavel [\/vc_column_text][\/vc_column_inner][\/vc_row_inner][vc_row_inner el_class=&#8221;bloco-projeto&#8221;][vc_column_inner][vc_column_text] A Villa Arenza nasce da procura de uma arquitetura de perman\u00eancia [\/vc_column_text][vc_column_text]Num contexto cada vez mais dominado pelo excesso de est\u00edmulos, o projeto adota uma abordagem mais intemporal, assente na propor\u00e7\u00e3o, na materialidade e no cuidado com que o espa\u00e7o \u00e9 concebido. A composi\u00e7\u00e3o [&hellip;]","og_url":"https:\/\/paulomartins.com.pt\/pt-pt\/project\/villa-arenza\/","og_site_name":"Paulo Martins Arquitectura","article_modified_time":"2026-07-20T16:38:08+00:00","og_image":[{"width":2560,"height":1440,"url":"https:\/\/paulomartins.com.pt\/wp-content\/uploads\/2026\/05\/PAULO_MARTINS_ARQUITECTURA_GAFANHA_HOUSE_II_PISCINA_1-scaled.webp","type":"image\/webp"}],"twitter_card":"summary_large_image","twitter_misc":{"Tempo estimado de leitura":"3 minutos"},"schema":{"@context":"https:\/\/schema.org","@graph":[{"@type":"WebPage","@id":"https:\/\/paulomartins.com.pt\/pt-pt\/project\/villa-arenza\/","url":"https:\/\/paulomartins.com.pt\/pt-pt\/project\/villa-arenza\/","name":"VILLA ARENZA - Paulo Martins Arquitectura","isPartOf":{"@id":"https:\/\/paulomartins.com.pt\/#website"},"primaryImageOfPage":{"@id":"https:\/\/paulomartins.com.pt\/pt-pt\/project\/villa-arenza\/#primaryimage"},"image":{"@id":"https:\/\/paulomartins.com.pt\/pt-pt\/project\/villa-arenza\/#primaryimage"},"thumbnailUrl":"https:\/\/paulomartins.com.pt\/wp-content\/uploads\/2026\/05\/PAULO_MARTINS_ARQUITECTURA_GAFANHA_HOUSE_II_PISCINA_1-scaled.webp","datePublished":"2026-05-06T14:02:22+00:00","dateModified":"2026-07-20T16:38:08+00:00","breadcrumb":{"@id":"https:\/\/paulomartins.com.pt\/pt-pt\/project\/villa-arenza\/#breadcrumb"},"inLanguage":"pt-PT","potentialAction":[{"@type":"ReadAction","target":["https:\/\/paulomartins.com.pt\/pt-pt\/project\/villa-arenza\/"]}]},{"@type":"ImageObject","inLanguage":"pt-PT","@id":"https:\/\/paulomartins.com.pt\/pt-pt\/project\/villa-arenza\/#primaryimage","url":"https:\/\/paulomartins.com.pt\/wp-content\/uploads\/2026\/05\/PAULO_MARTINS_ARQUITECTURA_GAFANHA_HOUSE_II_PISCINA_1-scaled.webp","contentUrl":"https:\/\/paulomartins.com.pt\/wp-content\/uploads\/2026\/05\/PAULO_MARTINS_ARQUITECTURA_GAFANHA_HOUSE_II_PISCINA_1-scaled.webp","width":2560,"height":1440,"caption":"Moradia Gafanha II, na Gafanha Arquitetura Paulo Martins Arquitecto"},{"@type":"BreadcrumbList","@id":"https:\/\/paulomartins.com.pt\/pt-pt\/project\/villa-arenza\/#breadcrumb","itemListElement":[{"@type":"ListItem","position":1,"name":"Home","item":"https:\/\/paulomartins.com.pt\/pt-pt\/"},{"@type":"ListItem","position":2,"name":"Projetos","item":"https:\/\/paulomartins.com.pt\/projeto\/"},{"@type":"ListItem","position":3,"name":"VILLA ARENZA"}]},{"@type":"WebSite","@id":"https:\/\/paulomartins.com.pt\/#website","url":"https:\/\/paulomartins.com.pt\/","name":"Paulo Martins Arquitectura","description":"","publisher":{"@id":"https:\/\/paulomartins.com.pt\/#organization"},"potentialAction":[{"@type":"SearchAction","target":{"@type":"EntryPoint","urlTemplate":"https:\/\/paulomartins.com.pt\/?s={search_term_string}"},"query-input":{"@type":"PropertyValueSpecification","valueRequired":true,"valueName":"search_term_string"}}],"inLanguage":"pt-PT"},{"@type":"Organization","@id":"https:\/\/paulomartins.com.pt\/#organization","name":"Paulo Martins Arquitectura","url":"https:\/\/paulomartins.com.pt\/","logo":{"@type":"ImageObject","inLanguage":"pt-PT","@id":"https:\/\/paulomartins.com.pt\/#\/schema\/logo\/image\/","url":"https:\/\/paulomartins.com.pt\/wp-content\/uploads\/2026\/04\/cropped-cropped-logo-1.png","contentUrl":"https:\/\/paulomartins.com.pt\/wp-content\/uploads\/2026\/04\/cropped-cropped-logo-1.png","width":193,"height":40,"caption":"Paulo Martins Arquitectura"},"image":{"@id":"https:\/\/paulomartins.com.pt\/#\/schema\/logo\/image\/"}}]}},"_links":{"self":[{"href":"https:\/\/paulomartins.com.pt\/pt-pt\/wp-json\/wp\/v2\/projeto\/31732","targetHints":{"allow":["GET"]}}],"collection":[{"href":"https:\/\/paulomartins.com.pt\/pt-pt\/wp-json\/wp\/v2\/projeto"}],"about":[{"href":"https:\/\/paulomartins.com.pt\/pt-pt\/wp-json\/wp\/v2\/types\/projeto"}],"wp:featuredmedia":[{"embeddable":true,"href":"https:\/\/paulomartins.com.pt\/pt-pt\/wp-json\/wp\/v2\/media\/4063"}],"wp:attachment":[{"href":"https:\/\/paulomartins.com.pt\/pt-pt\/wp-json\/wp\/v2\/media?parent=31732"}],"wp:term":[{"taxonomy":"categoria_projeto","embeddable":true,"href":"https:\/\/paulomartins.com.pt\/pt-pt\/wp-json\/wp\/v2\/categoria_projeto?post=31732"}],"curies":[{"name":"wp","href":"https:\/\/api.w.org\/{rel}","templated":true}]}}