{"id":31582,"date":"2026-03-09T16:02:35","date_gmt":"2026-03-09T16:02:35","guid":{"rendered":"https:\/\/paulomartins.com.pt\/?post_type=projeto&#038;p=31582"},"modified":"2026-07-20T15:58:50","modified_gmt":"2026-07-20T15:58:50","slug":"mare-villas","status":"publish","type":"projeto","link":"https:\/\/paulomartins.com.pt\/pt-pt\/project\/mare-villas\/","title":{"rendered":"Mare Villas"},"content":{"rendered":"<div class=\"wpb-content-wrapper\"><p>[vc_row css_animation=&#8221;fadeInUp&#8221; el_class=&#8221;espaco-proj&#8221;][vc_column][vc_row_inner disable_element=&#8221;yes&#8221;][vc_column_inner][vc_column_text]<\/p>\n<h1>Titulo Inicial &#8211; N\u00e3o editavel<\/h1>\n<p>[\/vc_column_text][\/vc_column_inner][\/vc_row_inner][vc_row_inner el_class=&#8221;bloco-projeto&#8221;][vc_column_inner][vc_column_text]<\/p>\n<h5>Respire o Atl\u00e2ntico.<br \/>\nSinta o tempo.<br \/>\nViva \u00e0 sua maneira.<\/h5>\n<p>[\/vc_column_text][vc_column_text]Um condom\u00ednio que equilibra a proximidade urbana com a serenidade de um verdadeiro ref\u00fagio. Localizado numa zona privilegiada, foi concebido para proporcionar privacidade, conforto e uma experi\u00eancia de habitar completa, em harmonia com o ritmo natural do lugar.<\/p>\n<p>Composto por nove resid\u00eancias exclusivas, o empreendimento cria uma atmosfera intimista e familiar, onde o sentido de comunidade convive naturalmente com a individualidade de cada fam\u00edlia.<\/p>\n<p>Cada habita\u00e7\u00e3o reflete uma abordagem discreta e intemporal ao luxo, onde a arquitetura, a natureza e o bem-estar se unem para dar forma a uma experi\u00eancia de habitar serena, sofisticada e profundamente aut\u00eantica.[\/vc_column_text][\/vc_column_inner][\/vc_row_inner][\/vc_column][\/vc_row][vc_row css_animation=&#8221;fadeInUp&#8221; el_class=&#8221;bloco-important espaco-proj real-estate&#8221;][vc_column][vc_row_inner disable_element=&#8221;yes&#8221;][vc_column_inner][vc_column_text]<\/p>\n<h1>Real Estate &#8211; N\u00e3o editavel<\/h1>\n<p>[\/vc_column_text][\/vc_column_inner][\/vc_row_inner][vc_row_inner][vc_column_inner][vc_column_text]<\/p>\n<h5>Promo\u00e7\u00e3o imobili\u00e1ria<\/h5>\n<p>[\/vc_column_text][\/vc_column_inner][\/vc_row_inner][vc_row_inner][vc_column_inner el_class=&#8221;bloco-coluna&#8221; width=&#8221;1\/4&#8243;][vc_single_image image=&#8221;470&#8243; img_size=&#8221;full&#8221;][vc_column_text]<\/p>\n<h6>\u00c1rea de construc\u00e7\u00e3o bruta<\/h6>\n<p>3 800 m2[\/vc_column_text][\/vc_column_inner][vc_column_inner el_class=&#8221;bloco-coluna&#8221; width=&#8221;1\/4&#8243;][vc_single_image image=&#8221;471&#8243; img_size=&#8221;full&#8221;][vc_column_text]<\/p>\n<h6>Jardins<\/h6>\n<p>920 m2[\/vc_column_text][\/vc_column_inner][vc_column_inner el_class=&#8221;bloco-coluna&#8221; width=&#8221;1\/4&#8243;][vc_single_image image=&#8221;475&#8243; img_size=&#8221;full&#8221;][vc_column_text]<\/p>\n<h6>Casas<\/h6>\n<p>9[\/vc_column_text][\/vc_column_inner][vc_column_inner el_class=&#8221;bloco-coluna&#8221; width=&#8221;1\/4&#8243;][vc_single_image image=&#8221;481&#8243; img_size=&#8221;full&#8221;][vc_column_text]<\/p>\n<h6>Piscinas<\/h6>\n<p>9[\/vc_column_text][\/vc_column_inner][\/vc_row_inner][vc_row_inner][vc_column_inner el_class=&#8221;bloco-coluna&#8221; width=&#8221;1\/4&#8243;][vc_single_image image=&#8221;31684&#8243; img_size=&#8221;full&#8221;][vc_column_text]<\/p>\n<h6>Tipologia<\/h6>\n<p>3 quartos[\/vc_column_text][\/vc_column_inner][vc_column_inner el_class=&#8221;bloco-coluna&#8221; width=&#8221;1\/4&#8243;][vc_single_image image=&#8221;483&#8243; img_size=&#8221;full&#8221;][vc_column_text]<\/p>\n<h6>Estacionamento<\/h6>\n<p>Estacionamento privado[\/vc_column_text][\/vc_column_inner][vc_column_inner el_class=&#8221;bloco-coluna&#8221; width=&#8221;1\/4&#8243;][vc_single_image image=&#8221;476&#8243; img_size=&#8221;full&#8221;][vc_column_text]<\/p>\n<h6><strong data-start=\"114\" data-end=\"138\">Conceito residencial<\/strong><\/h6>\n<p>Condom\u00ednio privado[\/vc_column_text][\/vc_column_inner][vc_column_inner el_class=&#8221;bloco-coluna&#8221; width=&#8221;1\/4&#8243;][vc_single_image image=&#8221;478&#8243; img_size=&#8221;full&#8221;][vc_column_text]<\/p>\n<h6>Todas as casas<\/h6>\n<p>Cobertura com vista para o mar[\/vc_column_text][\/vc_column_inner][\/vc_row_inner][vc_row_inner][vc_column_inner el_class=&#8221;bloco-coluna&#8221; width=&#8221;1\/4&#8243;][\/vc_column_inner][vc_column_inner el_class=&#8221;bloco-coluna&#8221; width=&#8221;1\/4&#8243;][\/vc_column_inner][vc_column_inner el_class=&#8221;bloco-coluna&#8221; width=&#8221;1\/4&#8243;][\/vc_column_inner][vc_column_inner el_class=&#8221;bloco-coluna&#8221; width=&#8221;1\/4&#8243;][\/vc_column_inner][\/vc_row_inner][vc_row_inner][vc_column_inner el_class=&#8221;bloco-coluna&#8221; width=&#8221;1\/4&#8243;][\/vc_column_inner][vc_column_inner el_class=&#8221;bloco-coluna&#8221; width=&#8221;1\/4&#8243;][\/vc_column_inner][vc_column_inner el_class=&#8221;bloco-coluna&#8221; width=&#8221;1\/4&#8243;][\/vc_column_inner][vc_column_inner el_class=&#8221;bloco-coluna&#8221; width=&#8221;1\/4&#8243;][\/vc_column_inner][\/vc_row_inner][vc_row_inner el_class=&#8221;bloco-important-2&#8243;][vc_column_inner][vc_images_carousel images=&#8221;4951&#8243; img_size=&#8221;full&#8221;][\/vc_column_inner][\/vc_row_inner][vc_row_inner][vc_column_inner][vc_column_text][\/vc_column_text][\/vc_column_inner][\/vc_row_inner][vc_row_inner el_class=&#8221;a-call&#8221;][vc_column_inner el_id=&#8221;load-more-ancora&#8221;][vc_btn title=&#8221;Descarregar brochura&#8221; el_class=&#8221;load-more&#8221; link=&#8221;url:%20https%3A%2F%2Fpaulomartins.com.pt%2Fprojeto%2Fmare-villas%2F|target:_blank&#8221;][vc_column_text el_class=&#8221;a-call-2&#8243;]Para informa\u00e7\u00f5es sobre disponibilidade, por favor contacte o departamento comercial.[\/vc_column_text][\/vc_column_inner][\/vc_row_inner][vc_row_inner el_class=&#8221;a-call-3&#8243;][vc_column_inner width=&#8221;1\/2&#8243;][vc_column_text]<\/p>\n<h6>Contacte-nos por e-mail<\/h6>\n<p><a href=\"mailto:geral@paulomartins.com.pt\">info@saline.pt<\/a>[\/vc_column_text][\/vc_column_inner][vc_column_inner width=&#8221;1\/2&#8243;][vc_column_text]<\/p>\n<h6>Contacte-nos por telefone<\/h6>\n<p><a href=\"tel:+351234135831\">(+351) 918 469 711<\/a>[\/vc_column_text][\/vc_column_inner][\/vc_row_inner][\/vc_column][\/vc_row][vc_row css_animation=&#8221;fadeInUp&#8221; el_class=&#8221;espaco-proj grid-architecture&#8221;][vc_column][vc_row_inner disable_element=&#8221;yes&#8221;][vc_column_inner][vc_column_text]<\/p>\n<h1>Architecture &#8211; N\u00e3o editavel<\/h1>\n<p>[\/vc_column_text][\/vc_column_inner][\/vc_row_inner][vc_row_inner el_class=&#8221;grid-architecture-bloco1&#8243;][vc_column_inner][vc_column_text]<\/p>\n<h5>Arquitectura<\/h5>\n<p>Constru\u00edda a partir de materiais naturais, onde a madeira e a argila assumem um papel central, cada resid\u00eancia revela uma express\u00e3o aut\u00eantica de sofistica\u00e7\u00e3o intemporal. A luz natural percorre suavemente os interiores, enquanto a vegeta\u00e7\u00e3o envolve cada volume, criando uma liga\u00e7\u00e3o org\u00e2nica entre a arquitetura e a paisagem. A fronteira entre interior e exterior transforma-se numa transi\u00e7\u00e3o cont\u00ednua, onde a vida quotidiana adquire uma dimens\u00e3o sensorial e imersiva, profundamente ligada ao ritmo natural do lugar. Ainda assim, a forma como cada espa\u00e7o \u00e9 vivido permanece singular, moldada pela identidade e pelas experi\u00eancias de quem o habita.[\/vc_column_text][vc_single_image image=&#8221;4973&#8243; img_size=&#8221;full&#8221; el_class=&#8221;grid-total-proj&#8221;][\/vc_column_inner][\/vc_row_inner][vc_row_inner content_placement=&#8221;bottom&#8221;][vc_column_inner width=&#8221;2\/3&#8243;][vc_single_image image=&#8221;2174&#8243; img_size=&#8221;full&#8221;][\/vc_column_inner][vc_column_inner width=&#8221;1\/3&#8243;][vc_column_text]Os espa\u00e7os comuns foram concebidos para residentes que valorizam um estilo de vida equilibrado entre privacidade e comunidade. Ambientes abertos e perme\u00e1veis, integrados na paisagem, prolongam naturalmente as resid\u00eancias, criando percursos onde a arquitetura, a vegeta\u00e7\u00e3o e o sil\u00eancio moldam uma forma de viver mais livre, serena e consciente.[\/vc_column_text][\/vc_column_inner][\/vc_row_inner][vc_row_inner equal_height=&#8221;yes&#8221;][vc_column_inner width=&#8221;1\/2&#8243;][\/vc_column_inner][vc_column_inner width=&#8221;1\/2&#8243;][vc_single_image image=&#8221;4979&#8243; img_size=&#8221;full&#8221;][\/vc_column_inner][\/vc_row_inner][vc_row_inner equal_height=&#8221;yes&#8221;][vc_column_inner width=&#8221;1\/3&#8243;][vc_single_image image=&#8221;2201&#8243; img_size=&#8221;full&#8221;][\/vc_column_inner][vc_column_inner width=&#8221;1\/3&#8243;][vc_single_image image=&#8221;2200&#8243; img_size=&#8221;full&#8221;][\/vc_column_inner][vc_column_inner width=&#8221;1\/3&#8243;][vc_single_image image=&#8221;4975&#8243; img_size=&#8221;full&#8221;][\/vc_column_inner][\/vc_row_inner][vc_row_inner equal_height=&#8221;yes&#8221;][vc_column_inner][vc_single_image image=&#8221;2195&#8243; img_size=&#8221;full&#8221;][\/vc_column_inner][\/vc_row_inner][vc_row_inner content_placement=&#8221;bottom&#8221;][vc_column_inner width=&#8221;1\/2&#8243;][vc_single_image image=&#8221;4977&#8243; img_size=&#8221;full&#8221;][\/vc_column_inner][vc_column_inner width=&#8221;1\/2&#8243;][vc_column_text]Distribu\u00eddas verticalmente por quatro n\u00edveis, as resid\u00eancias proporcionam uma experi\u00eancia de habitar rica e multifacetada. Cada n\u00edvel revela uma forma distinta de viver o espa\u00e7o, proporcionando diferentes sensa\u00e7\u00f5es, emo\u00e7\u00f5es e momentos ao longo do dia. Uma arquitetura concebida para ser vivida na sua plenitude, onde cada espa\u00e7o contribui para uma experi\u00eancia \u00fanica, sofisticada e profundamente humana.[\/vc_column_text][\/vc_column_inner][\/vc_row_inner][vc_row_inner equal_height=&#8221;yes&#8221;][vc_column_inner][vc_single_image image=&#8221;5001&#8243; img_size=&#8221;full&#8221;][\/vc_column_inner][\/vc_row_inner][vc_row_inner equal_height=&#8221;yes&#8221;][vc_column_inner width=&#8221;1\/2&#8243;][vc_single_image image=&#8221;2187&#8243; img_size=&#8221;full&#8221;][\/vc_column_inner][vc_column_inner width=&#8221;1\/2&#8243;][vc_single_image image=&#8221;2186&#8243; img_size=&#8221;full&#8221;][\/vc_column_inner][\/vc_row_inner][vc_row_inner content_placement=&#8221;bottom&#8221;][vc_column_inner width=&#8221;1\/2&#8243;][vc_column_text]Cada resid\u00eancia revela uma express\u00e3o aut\u00eantica de sofistica\u00e7\u00e3o intemporal. A luz natural percorre suavemente os interiores, enquanto a vegeta\u00e7\u00e3o envolve cada volume, criando uma liga\u00e7\u00e3o org\u00e2nica entre a arquitetura e a paisagem.[\/vc_column_text][\/vc_column_inner][vc_column_inner width=&#8221;1\/2&#8243;][vc_single_image image=&#8221;5003&#8243; img_size=&#8221;full&#8221;][\/vc_column_inner][\/vc_row_inner][vc_row_inner equal_height=&#8221;yes&#8221;][vc_column_inner][vc_single_image image=&#8221;5005&#8243; img_size=&#8221;full&#8221;][\/vc_column_inner][\/vc_row_inner][vc_row_inner equal_height=&#8221;yes&#8221;][vc_column_inner width=&#8221;2\/3&#8243;][vc_single_image image=&#8221;2185&#8243; img_size=&#8221;full&#8221;][\/vc_column_inner][vc_column_inner width=&#8221;1\/3&#8243;][vc_single_image image=&#8221;2188&#8243; img_size=&#8221;full&#8221;][\/vc_column_inner][\/vc_row_inner][vc_row_inner equal_height=&#8221;yes&#8221;][vc_column_inner width=&#8221;2\/3&#8243;][vc_single_image image=&#8221;5007&#8243; img_size=&#8221;full&#8221;][\/vc_column_inner][vc_column_inner width=&#8221;1\/3&#8243;][vc_column_text][\/vc_column_text][\/vc_column_inner][\/vc_row_inner][vc_row_inner equal_height=&#8221;yes&#8221;][vc_column_inner width=&#8221;1\/2&#8243;][vc_single_image image=&#8221;2202&#8243; img_size=&#8221;full&#8221;][\/vc_column_inner][vc_column_inner width=&#8221;1\/2&#8243;][vc_single_image image=&#8221;5009&#8243;][\/vc_column_inner][\/vc_row_inner][vc_row_inner equal_height=&#8221;yes&#8221;][vc_column_inner][vc_single_image image=&#8221;3661&#8243; img_size=&#8221;full&#8221;][\/vc_column_inner][\/vc_row_inner][\/vc_column][\/vc_row][vc_row css_animation=&#8221;fadeInUp&#8221; el_class=&#8221;espaco-proj&#8221;][vc_column][vc_row_inner disable_element=&#8221;yes&#8221;][vc_column_inner][vc_column_text]<\/p>\n<h1>AWARS &#8211; N\u00c3O EDITAVEL<\/h1>\n<p>CARREGA AUTOMATICAMENTE AWARS ASSOCIADOS[\/vc_column_text][\/vc_column_inner][\/vc_row_inner][vc_column_text][\/vc_column_text][\/vc_column][\/vc_row][vc_row css_animation=&#8221;fadeInUp&#8221; el_class=&#8221;espaco-proj&#8221;][vc_column][vc_row_inner disable_element=&#8221;yes&#8221;][vc_column_inner][vc_column_text]<\/p>\n<h1>PUBLICA\u00c7\u00d5ES &#8211; N\u00c3O EDITAVEL<\/h1>\n<p>CARREGA AUTOMATICAMENTE PUBLICA\u00c7\u00d5ES ASSOCIADAS (PRINT AND DIGITAL)[\/vc_column_text][\/vc_column_inner][\/vc_row_inner][vc_column_text][\/vc_column_text][\/vc_column][\/vc_row][vc_row css_animation=&#8221;fadeInUp&#8221; el_class=&#8221;used-materials espaco-proj&#8221;][vc_column][vc_row_inner disable_element=&#8221;yes&#8221;][vc_column_inner][vc_column_text]<\/p>\n<h1>USED MATERIALS &amp; PROJECT CREDITS &#8211; N\u00c3O EDITAVEL<\/h1>\n<p>[\/vc_column_text][\/vc_column_inner][\/vc_row_inner][vc_row_inner disable_element=&#8221;yes&#8221; el_class=&#8221;digital-type&#8221;][vc_column_inner width=&#8221;1\/2&#8243;][vc_column_text]<\/p>\n<h5>Used Materials<\/h5>\n<p>[\/vc_column_text][\/vc_column_inner][vc_column_inner width=&#8221;1\/2&#8243;][vc_column_text el_class=&#8221;bloco-texto-credits&#8221;]<\/p>\n<h6>walls<\/h6>\n<p>aluminium cladding<\/p>\n<p>[\/vc_column_text][vc_column_text el_class=&#8221;bloco-texto-credits&#8221;]<\/p>\n<h6>ceiling<\/h6>\n<p>clt wood[\/vc_column_text][vc_column_text el_class=&#8221;bloco-texto-credits&#8221;]<\/p>\n<h6>flooring<\/h6>\n<p>wood floor<\/p>\n<p>ceramic tiles[\/vc_column_text][vc_column_text el_class=&#8221;bloco-texto-credits&#8221;]<\/p>\n<h6>furniture<\/h6>\n<p>wood<\/p>\n<p>stone<\/p>\n<p>microciment[\/vc_column_text][\/vc_column_inner][\/vc_row_inner][vc_row_inner el_class=&#8221;digital-type&#8221;][vc_column_inner width=&#8221;1\/2&#8243;][vc_column_text]<\/p>\n<h5>Cr\u00e9ditos do projecto<\/h5>\n<p>[\/vc_column_text][\/vc_column_inner][vc_column_inner width=&#8221;1\/2&#8243;][vc_column_text el_class=&#8221;bloco-texto-credits&#8221;]<\/p>\n<h6>In\u00edcio \/ Fim<\/h6>\n<p>2025 \/ -[\/vc_column_text][vc_column_text el_class=&#8221;bloco-texto-credits&#8221;]<\/p>\n<h6>\u00c1rea Bruta<\/h6>\n<p>3 800 m2[\/vc_column_text][vc_column_text el_class=&#8221;bloco-texto-credits&#8221;]<\/p>\n<h6>Direc\u00e7\u00e3o criativa<\/h6>\n<p>PAULO MARTINS | ARQUITECTO[\/vc_column_text][vc_column_text el_class=&#8221;bloco-texto-credits&#8221;]<\/p>\n<h6>Colaboradores<\/h6>\n<p>hugo ferreira | arquitecto<\/p>\n<p>eduardo pacheco | coordenador bim<\/p>\n<p>busra oner | cgi[\/vc_column_text][vc_column_text el_class=&#8221;bloco-texto-credits&#8221;]<\/p>\n<h6>Construc\u00e7\u00e3o<\/h6>\n<p>construlautus[\/vc_column_text][vc_column_text el_class=&#8221;bloco-texto-credits&#8221;]<\/p>\n<h6>Promotor imobili\u00e1rio<\/h6>\n<p>saline | luxury living[\/vc_column_text][\/vc_column_inner][\/vc_row_inner][\/vc_column][\/vc_row]<\/p>\n<\/div>","protected":false},"excerpt":{"rendered":"<p>[vc_row css_animation=&#8221;fadeInUp&#8221; el_class=&#8221;espaco-proj&#8221;][vc_column][vc_row_inner disable_element=&#8221;yes&#8221;][vc_column_inner][vc_column_text] Titulo Inicial &#8211; N\u00e3o editavel [\/vc_column_text][\/vc_column_inner][\/vc_row_inner][vc_row_inner el_class=&#8221;bloco-projeto&#8221;][vc_column_inner][vc_column_text] Respire o Atl\u00e2ntico. Sinta o tempo. Viva \u00e0 sua maneira. [\/vc_column_text][vc_column_text]Um condom\u00ednio que equilibra a proximidade urbana com a serenidade de um verdadeiro ref\u00fagio. Localizado numa zona privilegiada, foi concebido para proporcionar privacidade, conforto e uma experi\u00eancia de habitar completa, em harmonia com o [&hellip;]<\/p>\n","protected":false},"featured_media":2180,"template":"","categoria_projeto":[9,22,19,31,21,20],"class_list":["post-31582","projeto","type-projeto","status-publish","has-post-thumbnail","hentry","categoria_projeto-house-residential","categoria_projeto-real-estate","categoria_projeto-architecture","categoria_projeto-in-project","categoria_projeto-engineering-construction","categoria_projeto-interior-design-decoration"],"yoast_head":"<!-- This site is optimized with the Yoast SEO plugin v27.9 - https:\/\/yoast.com\/product\/yoast-seo-wordpress\/ -->\n<title>Mare Villas - Paulo Martins Arquitectura<\/title>\n<meta name=\"description\" content=\"Mare Villas: um condom\u00ednio que equilibra a proximidade urbana com a serenidade de um verdadeiro ref\u00fagio. Localizado numa zona privilegiada.\" \/>\n<meta name=\"robots\" content=\"index, follow, max-snippet:-1, max-image-preview:large, max-video-preview:-1\" \/>\n<link rel=\"canonical\" href=\"https:\/\/paulomartins.com.pt\/pt-pt\/project\/mare-villas\/\" \/>\n<meta property=\"og:locale\" content=\"pt_PT\" \/>\n<meta property=\"og:type\" content=\"article\" \/>\n<meta property=\"og:title\" content=\"Mare Villas - Paulo Martins Arquitectura\" \/>\n<meta property=\"og:description\" content=\"Mare Villas: um condom\u00ednio que equilibra a proximidade urbana com a serenidade de um verdadeiro ref\u00fagio. Localizado numa zona privilegiada.\" \/>\n<meta property=\"og:url\" content=\"https:\/\/paulomartins.com.pt\/pt-pt\/project\/mare-villas\/\" \/>\n<meta property=\"og:site_name\" content=\"Paulo Martins Arquitectura\" \/>\n<meta property=\"article:modified_time\" content=\"2026-07-20T15:58:50+00:00\" \/>\n<meta property=\"og:image\" content=\"https:\/\/paulomartins.com.pt\/wp-content\/uploads\/2026\/03\/CAMERA_7_MAGNIFIC-scaled.webp\" \/>\n\t<meta property=\"og:image:width\" content=\"2560\" \/>\n\t<meta property=\"og:image:height\" content=\"1920\" \/>\n\t<meta property=\"og:image:type\" content=\"image\/webp\" \/>\n<meta name=\"twitter:card\" content=\"summary_large_image\" \/>\n<meta name=\"twitter:label1\" content=\"Tempo estimado de leitura\" \/>\n\t<meta name=\"twitter:data1\" content=\"4 minutos\" \/>\n<script type=\"application\/ld+json\" class=\"yoast-schema-graph\">{\"@context\":\"https:\\\/\\\/schema.org\",\"@graph\":[{\"@type\":\"WebPage\",\"@id\":\"https:\\\/\\\/paulomartins.com.pt\\\/pt-pt\\\/project\\\/mare-villas\\\/\",\"url\":\"https:\\\/\\\/paulomartins.com.pt\\\/pt-pt\\\/project\\\/mare-villas\\\/\",\"name\":\"Mare Villas - Paulo Martins Arquitectura\",\"isPartOf\":{\"@id\":\"https:\\\/\\\/paulomartins.com.pt\\\/#website\"},\"primaryImageOfPage\":{\"@id\":\"https:\\\/\\\/paulomartins.com.pt\\\/pt-pt\\\/project\\\/mare-villas\\\/#primaryimage\"},\"image\":{\"@id\":\"https:\\\/\\\/paulomartins.com.pt\\\/pt-pt\\\/project\\\/mare-villas\\\/#primaryimage\"},\"thumbnailUrl\":\"https:\\\/\\\/paulomartins.com.pt\\\/wp-content\\\/uploads\\\/2026\\\/03\\\/CAMERA_7_MAGNIFIC-scaled.webp\",\"datePublished\":\"2026-03-09T16:02:35+00:00\",\"dateModified\":\"2026-07-20T15:58:50+00:00\",\"description\":\"Mare Villas: um condom\u00ednio que equilibra a proximidade urbana com a serenidade de um verdadeiro ref\u00fagio. Localizado numa zona privilegiada.\",\"breadcrumb\":{\"@id\":\"https:\\\/\\\/paulomartins.com.pt\\\/pt-pt\\\/project\\\/mare-villas\\\/#breadcrumb\"},\"inLanguage\":\"pt-PT\",\"potentialAction\":[{\"@type\":\"ReadAction\",\"target\":[\"https:\\\/\\\/paulomartins.com.pt\\\/pt-pt\\\/project\\\/mare-villas\\\/\"]}]},{\"@type\":\"ImageObject\",\"inLanguage\":\"pt-PT\",\"@id\":\"https:\\\/\\\/paulomartins.com.pt\\\/pt-pt\\\/project\\\/mare-villas\\\/#primaryimage\",\"url\":\"https:\\\/\\\/paulomartins.com.pt\\\/wp-content\\\/uploads\\\/2026\\\/03\\\/CAMERA_7_MAGNIFIC-scaled.webp\",\"contentUrl\":\"https:\\\/\\\/paulomartins.com.pt\\\/wp-content\\\/uploads\\\/2026\\\/03\\\/CAMERA_7_MAGNIFIC-scaled.webp\",\"width\":2560,\"height\":1920,\"caption\":\"Mare Villas\"},{\"@type\":\"BreadcrumbList\",\"@id\":\"https:\\\/\\\/paulomartins.com.pt\\\/pt-pt\\\/project\\\/mare-villas\\\/#breadcrumb\",\"itemListElement\":[{\"@type\":\"ListItem\",\"position\":1,\"name\":\"Home\",\"item\":\"https:\\\/\\\/paulomartins.com.pt\\\/pt-pt\\\/\"},{\"@type\":\"ListItem\",\"position\":2,\"name\":\"Projetos\",\"item\":\"https:\\\/\\\/paulomartins.com.pt\\\/projeto\\\/\"},{\"@type\":\"ListItem\",\"position\":3,\"name\":\"Mare Villas\"}]},{\"@type\":\"WebSite\",\"@id\":\"https:\\\/\\\/paulomartins.com.pt\\\/#website\",\"url\":\"https:\\\/\\\/paulomartins.com.pt\\\/\",\"name\":\"Paulo Martins Arquitectura\",\"description\":\"\",\"publisher\":{\"@id\":\"https:\\\/\\\/paulomartins.com.pt\\\/#organization\"},\"potentialAction\":[{\"@type\":\"SearchAction\",\"target\":{\"@type\":\"EntryPoint\",\"urlTemplate\":\"https:\\\/\\\/paulomartins.com.pt\\\/?s={search_term_string}\"},\"query-input\":{\"@type\":\"PropertyValueSpecification\",\"valueRequired\":true,\"valueName\":\"search_term_string\"}}],\"inLanguage\":\"pt-PT\"},{\"@type\":\"Organization\",\"@id\":\"https:\\\/\\\/paulomartins.com.pt\\\/#organization\",\"name\":\"Paulo Martins Arquitectura\",\"url\":\"https:\\\/\\\/paulomartins.com.pt\\\/\",\"logo\":{\"@type\":\"ImageObject\",\"inLanguage\":\"pt-PT\",\"@id\":\"https:\\\/\\\/paulomartins.com.pt\\\/#\\\/schema\\\/logo\\\/image\\\/\",\"url\":\"https:\\\/\\\/paulomartins.com.pt\\\/wp-content\\\/uploads\\\/2026\\\/04\\\/cropped-cropped-logo-1.png\",\"contentUrl\":\"https:\\\/\\\/paulomartins.com.pt\\\/wp-content\\\/uploads\\\/2026\\\/04\\\/cropped-cropped-logo-1.png\",\"width\":193,\"height\":40,\"caption\":\"Paulo Martins Arquitectura\"},\"image\":{\"@id\":\"https:\\\/\\\/paulomartins.com.pt\\\/#\\\/schema\\\/logo\\\/image\\\/\"}}]}<\/script>\n<!-- \/ Yoast SEO plugin. -->","yoast_head_json":{"title":"Mare Villas - Paulo Martins Arquitectura","description":"Mare Villas: um condom\u00ednio que equilibra a proximidade urbana com a serenidade de um verdadeiro ref\u00fagio. Localizado numa zona privilegiada.","robots":{"index":"index","follow":"follow","max-snippet":"max-snippet:-1","max-image-preview":"max-image-preview:large","max-video-preview":"max-video-preview:-1"},"canonical":"https:\/\/paulomartins.com.pt\/pt-pt\/project\/mare-villas\/","og_locale":"pt_PT","og_type":"article","og_title":"Mare Villas - Paulo Martins Arquitectura","og_description":"Mare Villas: um condom\u00ednio que equilibra a proximidade urbana com a serenidade de um verdadeiro ref\u00fagio. Localizado numa zona privilegiada.","og_url":"https:\/\/paulomartins.com.pt\/pt-pt\/project\/mare-villas\/","og_site_name":"Paulo Martins Arquitectura","article_modified_time":"2026-07-20T15:58:50+00:00","og_image":[{"width":2560,"height":1920,"url":"https:\/\/paulomartins.com.pt\/wp-content\/uploads\/2026\/03\/CAMERA_7_MAGNIFIC-scaled.webp","type":"image\/webp"}],"twitter_card":"summary_large_image","twitter_misc":{"Tempo estimado de leitura":"4 minutos"},"schema":{"@context":"https:\/\/schema.org","@graph":[{"@type":"WebPage","@id":"https:\/\/paulomartins.com.pt\/pt-pt\/project\/mare-villas\/","url":"https:\/\/paulomartins.com.pt\/pt-pt\/project\/mare-villas\/","name":"Mare Villas - Paulo Martins Arquitectura","isPartOf":{"@id":"https:\/\/paulomartins.com.pt\/#website"},"primaryImageOfPage":{"@id":"https:\/\/paulomartins.com.pt\/pt-pt\/project\/mare-villas\/#primaryimage"},"image":{"@id":"https:\/\/paulomartins.com.pt\/pt-pt\/project\/mare-villas\/#primaryimage"},"thumbnailUrl":"https:\/\/paulomartins.com.pt\/wp-content\/uploads\/2026\/03\/CAMERA_7_MAGNIFIC-scaled.webp","datePublished":"2026-03-09T16:02:35+00:00","dateModified":"2026-07-20T15:58:50+00:00","description":"Mare Villas: um condom\u00ednio que equilibra a proximidade urbana com a serenidade de um verdadeiro ref\u00fagio. Localizado numa zona privilegiada.","breadcrumb":{"@id":"https:\/\/paulomartins.com.pt\/pt-pt\/project\/mare-villas\/#breadcrumb"},"inLanguage":"pt-PT","potentialAction":[{"@type":"ReadAction","target":["https:\/\/paulomartins.com.pt\/pt-pt\/project\/mare-villas\/"]}]},{"@type":"ImageObject","inLanguage":"pt-PT","@id":"https:\/\/paulomartins.com.pt\/pt-pt\/project\/mare-villas\/#primaryimage","url":"https:\/\/paulomartins.com.pt\/wp-content\/uploads\/2026\/03\/CAMERA_7_MAGNIFIC-scaled.webp","contentUrl":"https:\/\/paulomartins.com.pt\/wp-content\/uploads\/2026\/03\/CAMERA_7_MAGNIFIC-scaled.webp","width":2560,"height":1920,"caption":"Mare Villas"},{"@type":"BreadcrumbList","@id":"https:\/\/paulomartins.com.pt\/pt-pt\/project\/mare-villas\/#breadcrumb","itemListElement":[{"@type":"ListItem","position":1,"name":"Home","item":"https:\/\/paulomartins.com.pt\/pt-pt\/"},{"@type":"ListItem","position":2,"name":"Projetos","item":"https:\/\/paulomartins.com.pt\/projeto\/"},{"@type":"ListItem","position":3,"name":"Mare Villas"}]},{"@type":"WebSite","@id":"https:\/\/paulomartins.com.pt\/#website","url":"https:\/\/paulomartins.com.pt\/","name":"Paulo Martins Arquitectura","description":"","publisher":{"@id":"https:\/\/paulomartins.com.pt\/#organization"},"potentialAction":[{"@type":"SearchAction","target":{"@type":"EntryPoint","urlTemplate":"https:\/\/paulomartins.com.pt\/?s={search_term_string}"},"query-input":{"@type":"PropertyValueSpecification","valueRequired":true,"valueName":"search_term_string"}}],"inLanguage":"pt-PT"},{"@type":"Organization","@id":"https:\/\/paulomartins.com.pt\/#organization","name":"Paulo Martins Arquitectura","url":"https:\/\/paulomartins.com.pt\/","logo":{"@type":"ImageObject","inLanguage":"pt-PT","@id":"https:\/\/paulomartins.com.pt\/#\/schema\/logo\/image\/","url":"https:\/\/paulomartins.com.pt\/wp-content\/uploads\/2026\/04\/cropped-cropped-logo-1.png","contentUrl":"https:\/\/paulomartins.com.pt\/wp-content\/uploads\/2026\/04\/cropped-cropped-logo-1.png","width":193,"height":40,"caption":"Paulo Martins Arquitectura"},"image":{"@id":"https:\/\/paulomartins.com.pt\/#\/schema\/logo\/image\/"}}]}},"_links":{"self":[{"href":"https:\/\/paulomartins.com.pt\/pt-pt\/wp-json\/wp\/v2\/projeto\/31582","targetHints":{"allow":["GET"]}}],"collection":[{"href":"https:\/\/paulomartins.com.pt\/pt-pt\/wp-json\/wp\/v2\/projeto"}],"about":[{"href":"https:\/\/paulomartins.com.pt\/pt-pt\/wp-json\/wp\/v2\/types\/projeto"}],"wp:featuredmedia":[{"embeddable":true,"href":"https:\/\/paulomartins.com.pt\/pt-pt\/wp-json\/wp\/v2\/media\/2180"}],"wp:attachment":[{"href":"https:\/\/paulomartins.com.pt\/pt-pt\/wp-json\/wp\/v2\/media?parent=31582"}],"wp:term":[{"taxonomy":"categoria_projeto","embeddable":true,"href":"https:\/\/paulomartins.com.pt\/pt-pt\/wp-json\/wp\/v2\/categoria_projeto?post=31582"}],"curies":[{"name":"wp","href":"https:\/\/api.w.org\/{rel}","templated":true}]}}