{"id":1088,"date":"2020-10-20T09:44:05","date_gmt":"2020-10-20T09:44:05","guid":{"rendered":"https:\/\/paulomartins.com.pt\/?post_type=projeto&#038;p=1088"},"modified":"2026-07-21T16:41:44","modified_gmt":"2026-07-21T16:41:44","slug":"oleiros-house","status":"publish","type":"projeto","link":"https:\/\/paulomartins.com.pt\/pt-pt\/project\/oleiros-house\/","title":{"rendered":"OLEIROS HOUSE"},"content":{"rendered":"<div class=\"wpb-content-wrapper\"><p>[vc_row css_animation=&#8221;fadeInUp&#8221; el_class=&#8221;espaco-proj&#8221;][vc_column][vc_row_inner disable_element=&#8221;yes&#8221;][vc_column_inner][vc_column_text]<\/p>\n<h1>Titulo Inicial &#8211; N\u00e3o editavel<\/h1>\n<p>[\/vc_column_text][\/vc_column_inner][\/vc_row_inner][vc_row_inner el_class=&#8221;bloco-projeto&#8221;][vc_column_inner][vc_column_text]<\/p>\n<h5>Um projeto que afirma um <strong>novo rumo para a revitaliza\u00e7\u00e3o urbana<\/strong> do centro hist\u00f3rico de Castelo Branco.<\/h5>\n<p>[\/vc_column_text][vc_column_text]Esta habita\u00e7\u00e3o localiza-se em Castelo Branco, na zona antiga da cidade, que tem vindo a acentuar o seu estado de degrada\u00e7\u00e3o nos \u00faltimos anos.[\/vc_column_text][\/vc_column_inner][\/vc_row_inner][\/vc_column][\/vc_row][vc_row css_animation=&#8221;fadeInUp&#8221; el_class=&#8221;espaco-proj grid-architecture&#8221;][vc_column][vc_row_inner disable_element=&#8221;yes&#8221;][vc_column_inner][vc_column_text]<\/p>\n<h1>Architecture &#8211; N\u00e3o editavel<\/h1>\n<p>[\/vc_column_text][\/vc_column_inner][\/vc_row_inner][vc_row_inner el_class=&#8221;grid-architecture-bloco1&#8243;][vc_column_inner][vc_column_text]<\/p>\n<h5>Arquitectura<\/h5>\n<p>Em resposta a esta realidade, o projeto procurou assumir os contornos de um arqu\u00e9tipo, numa tentativa de estabelecer uma nova tend\u00eancia de ocupa\u00e7\u00e3o urbana: a revitaliza\u00e7\u00e3o do centro hist\u00f3rico e a sua reocupa\u00e7\u00e3o por faixas et\u00e1rias mais jovens, tornando esta parte da cidade novamente din\u00e2mica.[\/vc_column_text][vc_single_image image=&#8221;31586&#8243; img_size=&#8221;full&#8221; el_class=&#8221;grid-total-proj&#8221;][\/vc_column_inner][\/vc_row_inner][vc_row_inner][vc_column_inner width=&#8221;1\/2&#8243;][vc_single_image image=&#8221;31587&#8243; img_size=&#8221;full&#8221;][\/vc_column_inner][vc_column_inner width=&#8221;1\/2&#8243;][\/vc_column_inner][\/vc_row_inner][vc_row_inner][vc_column_inner width=&#8221;1\/2&#8243;][vc_column_text]Em linha com esta inten\u00e7\u00e3o, o projeto consistiu na preserva\u00e7\u00e3o da imagem exterior original da habita\u00e7\u00e3o, enquanto no interior os espa\u00e7os foram readaptados aos atuais padr\u00f5es de conforto e habitar, marcados por um minimalismo contempor\u00e2neo.[\/vc_column_text][\/vc_column_inner][vc_column_inner width=&#8221;1\/2&#8243;][vc_single_image image=&#8221;31588&#8243; img_size=&#8221;full&#8221;][\/vc_column_inner][\/vc_row_inner][vc_row_inner equal_height=&#8221;yes&#8221;][vc_column_inner width=&#8221;2\/3&#8243;][vc_single_image image=&#8221;31609&#8243; img_size=&#8221;full&#8221;][\/vc_column_inner][vc_column_inner width=&#8221;1\/3&#8243;][\/vc_column_inner][\/vc_row_inner][vc_row_inner content_placement=&#8221;bottom&#8221;][vc_column_inner width=&#8221;1\/2&#8243;][vc_column_text]Ao n\u00edvel da organiza\u00e7\u00e3o, a casa desenvolve-se em dois pisos e uma mezzanine. O piso t\u00e9rreo foi destinado \u00e0s \u00e1reas de descanso, por raz\u00f5es de ilumina\u00e7\u00e3o, enquanto os pisos superiores acolhem as zonas sociais.[\/vc_column_text][vc_single_image image=&#8221;31610&#8243; img_size=&#8221;full&#8221; el_class=&#8221;imagem-proj-pequena&#8221;][\/vc_column_inner][vc_column_inner width=&#8221;1\/2&#8243;][vc_single_image image=&#8221;31611&#8243; img_size=&#8221;full&#8221; el_class=&#8221;imagem-proj-grande&#8221;][\/vc_column_inner][\/vc_row_inner][vc_row_inner content_placement=&#8221;bottom&#8221;][vc_column_inner][vc_single_image image=&#8221;31620&#8243; img_size=&#8221;full&#8221; el_class=&#8221;imagem-proj-grande&#8221;][\/vc_column_inner][\/vc_row_inner][vc_row_inner][vc_column_inner width=&#8221;1\/2&#8243;][vc_single_image image=&#8221;31613&#8243; img_size=&#8221;full&#8221;][\/vc_column_inner][vc_column_inner width=&#8221;1\/2&#8243;][vc_single_image image=&#8221;31612&#8243; img_size=&#8221;full&#8221;][\/vc_column_inner][\/vc_row_inner][vc_row_inner equal_height=&#8221;yes&#8221;][vc_column_inner width=&#8221;1\/3&#8243;][\/vc_column_inner][vc_column_inner width=&#8221;1\/3&#8243;][\/vc_column_inner][vc_column_inner width=&#8221;1\/3&#8243;][vc_single_image image=&#8221;31614&#8243; img_size=&#8221;full&#8221;][\/vc_column_inner][\/vc_row_inner][vc_row_inner][vc_column_inner width=&#8221;1\/2&#8243;][vc_single_image image=&#8221;31615&#8243; img_size=&#8221;full&#8221;][\/vc_column_inner][vc_column_inner width=&#8221;1\/2&#8243;][vc_column_text]Nos pisos superiores, acess\u00edveis pela escada original do edif\u00edcio, procurou-se restituir a amplitude espacial da cobertura, criando um p\u00e9-direito generoso e permitindo que a luz se refletisse nos tetos e paredes brancas, inundando um espa\u00e7o outrora encerrado.[\/vc_column_text][\/vc_column_inner][\/vc_row_inner][vc_row_inner equal_height=&#8221;yes&#8221;][vc_column_inner width=&#8221;1\/3&#8243;][\/vc_column_inner][vc_column_inner width=&#8221;1\/3&#8243;][vc_single_image image=&#8221;31619&#8243; img_size=&#8221;full&#8221;][\/vc_column_inner][vc_column_inner width=&#8221;1\/3&#8243;][vc_single_image image=&#8221;31618&#8243; img_size=&#8221;full&#8221;][\/vc_column_inner][\/vc_row_inner][vc_row_inner equal_height=&#8221;yes&#8221;][vc_column_inner width=&#8221;1\/2&#8243;][\/vc_column_inner][vc_column_inner width=&#8221;1\/2&#8243;][vc_single_image image=&#8221;31616&#8243; img_size=&#8221;full&#8221;][\/vc_column_inner][\/vc_row_inner][vc_row_inner equal_height=&#8221;yes&#8221;][vc_column_inner width=&#8221;2\/3&#8243;][vc_single_image image=&#8221;31617&#8243; img_size=&#8221;full&#8221;][\/vc_column_inner][vc_column_inner width=&#8221;1\/3&#8243;][vc_column_text]A introdu\u00e7\u00e3o de uma claraboia na mezzanine permite contemplar o castelo a partir da \u00e1rea de trabalho, evocando a presen\u00e7a constante da hist\u00f3ria neste espa\u00e7o contempor\u00e2neo.[\/vc_column_text][\/vc_column_inner][\/vc_row_inner][vc_row_inner equal_height=&#8221;yes&#8221;][vc_column_inner width=&#8221;1\/2&#8243;][vc_column_text]Na sele\u00e7\u00e3o de materiais, procurou-se conferir ao projeto uma atmosfera leve, informal e acolhedora, atrav\u00e9s da utiliza\u00e7\u00e3o de materiais simples, mas de elevada qualidade. As paredes e os tetos foram trabalhados em tonalidades claras, enquanto os pavimentos e o mobili\u00e1rio foram executados em pinho.[\/vc_column_text][\/vc_column_inner][vc_column_inner width=&#8221;1\/2&#8243;][vc_single_image image=&#8221;31621&#8243; img_size=&#8221;full&#8221;][\/vc_column_inner][\/vc_row_inner][vc_row_inner equal_height=&#8221;yes&#8221;][vc_column_inner width=&#8221;1\/2&#8243;][vc_single_image image=&#8221;31622&#8243; img_size=&#8221;full&#8221;][\/vc_column_inner][vc_column_inner width=&#8221;1\/2&#8243;][\/vc_column_inner][\/vc_row_inner][vc_row_inner equal_height=&#8221;yes&#8221;][vc_column_inner][vc_single_image image=&#8221;2468&#8243; img_size=&#8221;full&#8221;][\/vc_column_inner][\/vc_row_inner][vc_row_inner el_class=&#8221;artigo-bloco-3&#8243;][vc_column_inner][vc_gallery type=&#8221;image_grid&#8221; images=&#8221;1257,1258,1259,1260&#8243; img_size=&#8221;full&#8221; css_animation=&#8221;fadeInUp&#8221;][vc_raw_html]JTNDZGl2JTIwY2xhc3MlM0QlMjJzY3JvbGwtY29udGFpbmVyJTIyJTNFJTBBJTIwJTIwJTNDZGl2JTIwY2xhc3MlM0QlMjJzY3JvbGwtY29udGVudCUyMiUzRSUzQyUyRmRpdiUzRSUwQSUzQyUyRmRpdiUzRQ==[\/vc_raw_html][\/vc_column_inner][\/vc_row_inner][\/vc_column][\/vc_row][vc_row css_animation=&#8221;fadeInUp&#8221; el_class=&#8221;espaco-proj&#8221;][vc_column][vc_row_inner disable_element=&#8221;yes&#8221;][vc_column_inner][vc_column_text]<\/p>\n<h1>AWARS &#8211; N\u00c3O EDITAVEL<\/h1>\n<p>CARREGA AUTOMATICAMENTE AWARS ASSOCIADOS[\/vc_column_text][\/vc_column_inner][\/vc_row_inner][vc_column_text][\/vc_column_text][\/vc_column][\/vc_row][vc_row css_animation=&#8221;fadeInUp&#8221; el_class=&#8221;espaco-proj&#8221;][vc_column][vc_row_inner disable_element=&#8221;yes&#8221;][vc_column_inner][vc_column_text]<\/p>\n<h1>PUBLICA\u00c7\u00d5ES &#8211; N\u00c3O EDITAVEL<\/h1>\n<p>CARREGA AUTOMATICAMENTE PUBLICA\u00c7\u00d5ES ASSOCIADAS (PRINT AND DIGITAL)[\/vc_column_text][\/vc_column_inner][\/vc_row_inner][vc_column_text][\/vc_column_text][\/vc_column][\/vc_row][vc_row css_animation=&#8221;fadeInUp&#8221; el_class=&#8221;used-materials espaco-proj&#8221;][vc_column][vc_row_inner disable_element=&#8221;yes&#8221;][vc_column_inner][vc_column_text]<\/p>\n<h1>USED MATERIALS &amp; PROJECT CREDITS &#8211; N\u00c3O EDITAVEL<\/h1>\n<p>[\/vc_column_text][\/vc_column_inner][\/vc_row_inner][\/vc_column][\/vc_row][vc_row css_animation=&#8221;none&#8221; el_class=&#8221;used-materials espaco-proj&#8221;][vc_column][vc_row_inner el_class=&#8221;digital-type&#8221;][vc_column_inner width=&#8221;1\/2&#8243;][vc_column_text]<\/p>\n<h5>Cr\u00e9ditos do projecto<\/h5>\n<p>[\/vc_column_text][\/vc_column_inner][vc_column_inner width=&#8221;1\/2&#8243;][vc_column_text el_class=&#8221;bloco-texto-credits&#8221;]<\/p>\n<h6>In\u00edcio \/ Fim<\/h6>\n<p>2019\/2020[\/vc_column_text][vc_column_text el_class=&#8221;bloco-texto-credits&#8221;]<\/p>\n<h6>\u00c1rea Bruta<\/h6>\n<p>110 m2[\/vc_column_text][vc_column_text el_class=&#8221;bloco-texto-credits&#8221;]<\/p>\n<h6>Direc\u00e7\u00e3o criativa<\/h6>\n<p>Paulo Martins | Arquitecto[\/vc_column_text][vc_column_text el_class=&#8221;bloco-texto-credits&#8221;]<\/p>\n<h6>Cr\u00e9ditos fotogr\u00e1ficos<\/h6>\n<p>Ivo Tavares Studio[\/vc_column_text][\/vc_column_inner][\/vc_row_inner][vc_row_inner el_class=&#8221;digital-type&#8221;][vc_column_inner width=&#8221;1\/2&#8243;][vc_column_text]<\/p>\n<h5>Materiais usados<\/h5>\n<p>[\/vc_column_text][\/vc_column_inner][vc_column_inner width=&#8221;1\/2&#8243;][vc_column_text el_class=&#8221;bloco-texto-credits&#8221;]<\/p>\n<h6>Paredes<\/h6>\n<p>Gesso cartonado[\/vc_column_text][vc_column_text el_class=&#8221;bloco-texto-credits&#8221;]<\/p>\n<h6>Pavimento<\/h6>\n<p>Soalho flutuante Riga[\/vc_column_text][vc_column_text el_class=&#8221;bloco-texto-credits&#8221;]<\/p>\n<h6>Mobili\u00e1rio<\/h6>\n<p>MDF[\/vc_column_text][\/vc_column_inner][\/vc_row_inner][\/vc_column][\/vc_row]<\/p>\n<\/div>","protected":false},"excerpt":{"rendered":"<p>[vc_row css_animation=&#8221;fadeInUp&#8221; el_class=&#8221;espaco-proj&#8221;][vc_column][vc_row_inner disable_element=&#8221;yes&#8221;][vc_column_inner][vc_column_text] Titulo Inicial &#8211; N\u00e3o editavel [\/vc_column_text][\/vc_column_inner][\/vc_row_inner][vc_row_inner el_class=&#8221;bloco-projeto&#8221;][vc_column_inner][vc_column_text] Um projeto que afirma um novo rumo para a revitaliza\u00e7\u00e3o urbana do centro hist\u00f3rico de Castelo Branco. [\/vc_column_text][vc_column_text]Esta habita\u00e7\u00e3o localiza-se em Castelo Branco, na zona antiga da cidade, que tem vindo a acentuar o seu estado de degrada\u00e7\u00e3o nos \u00faltimos anos.[\/vc_column_text][\/vc_column_inner][\/vc_row_inner][\/vc_column][\/vc_row][vc_row css_animation=&#8221;fadeInUp&#8221; el_class=&#8221;espaco-proj grid-architecture&#8221;][vc_column][vc_row_inner [&hellip;]<\/p>\n","protected":false},"featured_media":2468,"template":"","categoria_projeto":[19,11,29],"class_list":["post-1088","projeto","type-projeto","status-publish","has-post-thumbnail","hentry","categoria_projeto-architecture","categoria_projeto-renovation","categoria_projeto-completed"],"yoast_head":"<!-- This site is optimized with the Yoast SEO plugin v27.9 - https:\/\/yoast.com\/product\/yoast-seo-wordpress\/ -->\n<title>OLEIROS HOUSE - Paulo Martins Arquitectura<\/title>\n<meta name=\"robots\" content=\"index, follow, max-snippet:-1, max-image-preview:large, max-video-preview:-1\" \/>\n<link rel=\"canonical\" href=\"https:\/\/paulomartins.com.pt\/pt-pt\/project\/oleiros-house\/\" \/>\n<meta property=\"og:locale\" content=\"pt_PT\" \/>\n<meta property=\"og:type\" content=\"article\" \/>\n<meta property=\"og:title\" content=\"OLEIROS HOUSE - Paulo Martins Arquitectura\" \/>\n<meta property=\"og:description\" content=\"[vc_row css_animation=&#8221;fadeInUp&#8221; el_class=&#8221;espaco-proj&#8221;][vc_column][vc_row_inner disable_element=&#8221;yes&#8221;][vc_column_inner][vc_column_text] Titulo Inicial &#8211; N\u00e3o editavel [\/vc_column_text][\/vc_column_inner][\/vc_row_inner][vc_row_inner el_class=&#8221;bloco-projeto&#8221;][vc_column_inner][vc_column_text] Um projeto que afirma um novo rumo para a revitaliza\u00e7\u00e3o urbana do centro hist\u00f3rico de Castelo Branco. [\/vc_column_text][vc_column_text]Esta habita\u00e7\u00e3o localiza-se em Castelo Branco, na zona antiga da cidade, que tem vindo a acentuar o seu estado de degrada\u00e7\u00e3o nos \u00faltimos anos.[\/vc_column_text][\/vc_column_inner][\/vc_row_inner][\/vc_column][\/vc_row][vc_row css_animation=&#8221;fadeInUp&#8221; el_class=&#8221;espaco-proj grid-architecture&#8221;][vc_column][vc_row_inner [&hellip;]\" \/>\n<meta property=\"og:url\" content=\"https:\/\/paulomartins.com.pt\/pt-pt\/project\/oleiros-house\/\" \/>\n<meta property=\"og:site_name\" content=\"Paulo Martins Arquitectura\" \/>\n<meta property=\"article:modified_time\" content=\"2026-07-21T16:41:44+00:00\" \/>\n<meta property=\"og:image\" content=\"https:\/\/paulomartins.com.pt\/wp-content\/uploads\/2025\/10\/Architecture-Renovation-CASA-DOS-OLEIROS-Castelo-Branco-Paulo-Martins-Banner-1-scaled.jpg\" \/>\n\t<meta property=\"og:image:width\" content=\"2560\" \/>\n\t<meta property=\"og:image:height\" content=\"1707\" \/>\n\t<meta property=\"og:image:type\" content=\"image\/jpeg\" \/>\n<meta name=\"twitter:card\" content=\"summary_large_image\" \/>\n<meta name=\"twitter:label1\" content=\"Tempo estimado de leitura\" \/>\n\t<meta name=\"twitter:data1\" content=\"7 minutos\" \/>\n<script type=\"application\/ld+json\" class=\"yoast-schema-graph\">{\"@context\":\"https:\\\/\\\/schema.org\",\"@graph\":[{\"@type\":\"WebPage\",\"@id\":\"https:\\\/\\\/paulomartins.com.pt\\\/pt-pt\\\/project\\\/oleiros-house\\\/\",\"url\":\"https:\\\/\\\/paulomartins.com.pt\\\/pt-pt\\\/project\\\/oleiros-house\\\/\",\"name\":\"OLEIROS HOUSE - Paulo Martins Arquitectura\",\"isPartOf\":{\"@id\":\"https:\\\/\\\/paulomartins.com.pt\\\/#website\"},\"primaryImageOfPage\":{\"@id\":\"https:\\\/\\\/paulomartins.com.pt\\\/pt-pt\\\/project\\\/oleiros-house\\\/#primaryimage\"},\"image\":{\"@id\":\"https:\\\/\\\/paulomartins.com.pt\\\/pt-pt\\\/project\\\/oleiros-house\\\/#primaryimage\"},\"thumbnailUrl\":\"https:\\\/\\\/paulomartins.com.pt\\\/wp-content\\\/uploads\\\/2025\\\/10\\\/Architecture-Renovation-CASA-DOS-OLEIROS-Castelo-Branco-Paulo-Martins-Banner-1-scaled.jpg\",\"datePublished\":\"2020-10-20T09:44:05+00:00\",\"dateModified\":\"2026-07-21T16:41:44+00:00\",\"breadcrumb\":{\"@id\":\"https:\\\/\\\/paulomartins.com.pt\\\/pt-pt\\\/project\\\/oleiros-house\\\/#breadcrumb\"},\"inLanguage\":\"pt-PT\",\"potentialAction\":[{\"@type\":\"ReadAction\",\"target\":[\"https:\\\/\\\/paulomartins.com.pt\\\/pt-pt\\\/project\\\/oleiros-house\\\/\"]}]},{\"@type\":\"ImageObject\",\"inLanguage\":\"pt-PT\",\"@id\":\"https:\\\/\\\/paulomartins.com.pt\\\/pt-pt\\\/project\\\/oleiros-house\\\/#primaryimage\",\"url\":\"https:\\\/\\\/paulomartins.com.pt\\\/wp-content\\\/uploads\\\/2025\\\/10\\\/Architecture-Renovation-CASA-DOS-OLEIROS-Castelo-Branco-Paulo-Martins-Banner-1-scaled.jpg\",\"contentUrl\":\"https:\\\/\\\/paulomartins.com.pt\\\/wp-content\\\/uploads\\\/2025\\\/10\\\/Architecture-Renovation-CASA-DOS-OLEIROS-Castelo-Branco-Paulo-Martins-Banner-1-scaled.jpg\",\"width\":2560,\"height\":1707,\"caption\":\"Casa em Castelo Branco do atelier de arquitetura Paulo Martins Arquitecto com fotografia de arquitetura Ivo Tavares Studio\"},{\"@type\":\"BreadcrumbList\",\"@id\":\"https:\\\/\\\/paulomartins.com.pt\\\/pt-pt\\\/project\\\/oleiros-house\\\/#breadcrumb\",\"itemListElement\":[{\"@type\":\"ListItem\",\"position\":1,\"name\":\"Home\",\"item\":\"https:\\\/\\\/paulomartins.com.pt\\\/pt-pt\\\/\"},{\"@type\":\"ListItem\",\"position\":2,\"name\":\"Projetos\",\"item\":\"https:\\\/\\\/paulomartins.com.pt\\\/projeto\\\/\"},{\"@type\":\"ListItem\",\"position\":3,\"name\":\"OLEIROS HOUSE\"}]},{\"@type\":\"WebSite\",\"@id\":\"https:\\\/\\\/paulomartins.com.pt\\\/#website\",\"url\":\"https:\\\/\\\/paulomartins.com.pt\\\/\",\"name\":\"Paulo Martins Arquitectura\",\"description\":\"\",\"publisher\":{\"@id\":\"https:\\\/\\\/paulomartins.com.pt\\\/#organization\"},\"potentialAction\":[{\"@type\":\"SearchAction\",\"target\":{\"@type\":\"EntryPoint\",\"urlTemplate\":\"https:\\\/\\\/paulomartins.com.pt\\\/?s={search_term_string}\"},\"query-input\":{\"@type\":\"PropertyValueSpecification\",\"valueRequired\":true,\"valueName\":\"search_term_string\"}}],\"inLanguage\":\"pt-PT\"},{\"@type\":\"Organization\",\"@id\":\"https:\\\/\\\/paulomartins.com.pt\\\/#organization\",\"name\":\"Paulo Martins Arquitectura\",\"url\":\"https:\\\/\\\/paulomartins.com.pt\\\/\",\"logo\":{\"@type\":\"ImageObject\",\"inLanguage\":\"pt-PT\",\"@id\":\"https:\\\/\\\/paulomartins.com.pt\\\/#\\\/schema\\\/logo\\\/image\\\/\",\"url\":\"https:\\\/\\\/paulomartins.com.pt\\\/wp-content\\\/uploads\\\/2026\\\/04\\\/cropped-cropped-logo-1.png\",\"contentUrl\":\"https:\\\/\\\/paulomartins.com.pt\\\/wp-content\\\/uploads\\\/2026\\\/04\\\/cropped-cropped-logo-1.png\",\"width\":193,\"height\":40,\"caption\":\"Paulo Martins Arquitectura\"},\"image\":{\"@id\":\"https:\\\/\\\/paulomartins.com.pt\\\/#\\\/schema\\\/logo\\\/image\\\/\"}}]}<\/script>\n<!-- \/ Yoast SEO plugin. -->","yoast_head_json":{"title":"OLEIROS HOUSE - Paulo Martins Arquitectura","robots":{"index":"index","follow":"follow","max-snippet":"max-snippet:-1","max-image-preview":"max-image-preview:large","max-video-preview":"max-video-preview:-1"},"canonical":"https:\/\/paulomartins.com.pt\/pt-pt\/project\/oleiros-house\/","og_locale":"pt_PT","og_type":"article","og_title":"OLEIROS HOUSE - Paulo Martins Arquitectura","og_description":"[vc_row css_animation=&#8221;fadeInUp&#8221; el_class=&#8221;espaco-proj&#8221;][vc_column][vc_row_inner disable_element=&#8221;yes&#8221;][vc_column_inner][vc_column_text] Titulo Inicial &#8211; N\u00e3o editavel [\/vc_column_text][\/vc_column_inner][\/vc_row_inner][vc_row_inner el_class=&#8221;bloco-projeto&#8221;][vc_column_inner][vc_column_text] Um projeto que afirma um novo rumo para a revitaliza\u00e7\u00e3o urbana do centro hist\u00f3rico de Castelo Branco. [\/vc_column_text][vc_column_text]Esta habita\u00e7\u00e3o localiza-se em Castelo Branco, na zona antiga da cidade, que tem vindo a acentuar o seu estado de degrada\u00e7\u00e3o nos \u00faltimos anos.[\/vc_column_text][\/vc_column_inner][\/vc_row_inner][\/vc_column][\/vc_row][vc_row css_animation=&#8221;fadeInUp&#8221; el_class=&#8221;espaco-proj grid-architecture&#8221;][vc_column][vc_row_inner [&hellip;]","og_url":"https:\/\/paulomartins.com.pt\/pt-pt\/project\/oleiros-house\/","og_site_name":"Paulo Martins Arquitectura","article_modified_time":"2026-07-21T16:41:44+00:00","og_image":[{"width":2560,"height":1707,"url":"https:\/\/paulomartins.com.pt\/wp-content\/uploads\/2025\/10\/Architecture-Renovation-CASA-DOS-OLEIROS-Castelo-Branco-Paulo-Martins-Banner-1-scaled.jpg","type":"image\/jpeg"}],"twitter_card":"summary_large_image","twitter_misc":{"Tempo estimado de leitura":"7 minutos"},"schema":{"@context":"https:\/\/schema.org","@graph":[{"@type":"WebPage","@id":"https:\/\/paulomartins.com.pt\/pt-pt\/project\/oleiros-house\/","url":"https:\/\/paulomartins.com.pt\/pt-pt\/project\/oleiros-house\/","name":"OLEIROS HOUSE - Paulo Martins Arquitectura","isPartOf":{"@id":"https:\/\/paulomartins.com.pt\/#website"},"primaryImageOfPage":{"@id":"https:\/\/paulomartins.com.pt\/pt-pt\/project\/oleiros-house\/#primaryimage"},"image":{"@id":"https:\/\/paulomartins.com.pt\/pt-pt\/project\/oleiros-house\/#primaryimage"},"thumbnailUrl":"https:\/\/paulomartins.com.pt\/wp-content\/uploads\/2025\/10\/Architecture-Renovation-CASA-DOS-OLEIROS-Castelo-Branco-Paulo-Martins-Banner-1-scaled.jpg","datePublished":"2020-10-20T09:44:05+00:00","dateModified":"2026-07-21T16:41:44+00:00","breadcrumb":{"@id":"https:\/\/paulomartins.com.pt\/pt-pt\/project\/oleiros-house\/#breadcrumb"},"inLanguage":"pt-PT","potentialAction":[{"@type":"ReadAction","target":["https:\/\/paulomartins.com.pt\/pt-pt\/project\/oleiros-house\/"]}]},{"@type":"ImageObject","inLanguage":"pt-PT","@id":"https:\/\/paulomartins.com.pt\/pt-pt\/project\/oleiros-house\/#primaryimage","url":"https:\/\/paulomartins.com.pt\/wp-content\/uploads\/2025\/10\/Architecture-Renovation-CASA-DOS-OLEIROS-Castelo-Branco-Paulo-Martins-Banner-1-scaled.jpg","contentUrl":"https:\/\/paulomartins.com.pt\/wp-content\/uploads\/2025\/10\/Architecture-Renovation-CASA-DOS-OLEIROS-Castelo-Branco-Paulo-Martins-Banner-1-scaled.jpg","width":2560,"height":1707,"caption":"Casa em Castelo Branco do atelier de arquitetura Paulo Martins Arquitecto com fotografia de arquitetura Ivo Tavares Studio"},{"@type":"BreadcrumbList","@id":"https:\/\/paulomartins.com.pt\/pt-pt\/project\/oleiros-house\/#breadcrumb","itemListElement":[{"@type":"ListItem","position":1,"name":"Home","item":"https:\/\/paulomartins.com.pt\/pt-pt\/"},{"@type":"ListItem","position":2,"name":"Projetos","item":"https:\/\/paulomartins.com.pt\/projeto\/"},{"@type":"ListItem","position":3,"name":"OLEIROS HOUSE"}]},{"@type":"WebSite","@id":"https:\/\/paulomartins.com.pt\/#website","url":"https:\/\/paulomartins.com.pt\/","name":"Paulo Martins Arquitectura","description":"","publisher":{"@id":"https:\/\/paulomartins.com.pt\/#organization"},"potentialAction":[{"@type":"SearchAction","target":{"@type":"EntryPoint","urlTemplate":"https:\/\/paulomartins.com.pt\/?s={search_term_string}"},"query-input":{"@type":"PropertyValueSpecification","valueRequired":true,"valueName":"search_term_string"}}],"inLanguage":"pt-PT"},{"@type":"Organization","@id":"https:\/\/paulomartins.com.pt\/#organization","name":"Paulo Martins Arquitectura","url":"https:\/\/paulomartins.com.pt\/","logo":{"@type":"ImageObject","inLanguage":"pt-PT","@id":"https:\/\/paulomartins.com.pt\/#\/schema\/logo\/image\/","url":"https:\/\/paulomartins.com.pt\/wp-content\/uploads\/2026\/04\/cropped-cropped-logo-1.png","contentUrl":"https:\/\/paulomartins.com.pt\/wp-content\/uploads\/2026\/04\/cropped-cropped-logo-1.png","width":193,"height":40,"caption":"Paulo Martins Arquitectura"},"image":{"@id":"https:\/\/paulomartins.com.pt\/#\/schema\/logo\/image\/"}}]}},"_links":{"self":[{"href":"https:\/\/paulomartins.com.pt\/pt-pt\/wp-json\/wp\/v2\/projeto\/1088","targetHints":{"allow":["GET"]}}],"collection":[{"href":"https:\/\/paulomartins.com.pt\/pt-pt\/wp-json\/wp\/v2\/projeto"}],"about":[{"href":"https:\/\/paulomartins.com.pt\/pt-pt\/wp-json\/wp\/v2\/types\/projeto"}],"wp:featuredmedia":[{"embeddable":true,"href":"https:\/\/paulomartins.com.pt\/pt-pt\/wp-json\/wp\/v2\/media\/2468"}],"wp:attachment":[{"href":"https:\/\/paulomartins.com.pt\/pt-pt\/wp-json\/wp\/v2\/media?parent=1088"}],"wp:term":[{"taxonomy":"categoria_projeto","embeddable":true,"href":"https:\/\/paulomartins.com.pt\/pt-pt\/wp-json\/wp\/v2\/categoria_projeto?post=1088"}],"curies":[{"name":"wp","href":"https:\/\/api.w.org\/{rel}","templated":true}]}}